{"id":2444,"date":"2025-09-12T13:21:48","date_gmt":"2025-09-12T13:21:48","guid":{"rendered":"https:\/\/miklosimuzeum.hu\/?page_id=2444"},"modified":"2025-11-10T13:23:25","modified_gmt":"2025-11-10T13:23:25","slug":"ertekeink-nyomaban","status":"publish","type":"page","link":"https:\/\/miklosimuzeum.hu\/en\/ertekeink-nyomaban\/","title":{"rendered":"\u00c9rt\u00e9keink nyom\u00e1ban"},"content":{"rendered":"<h2 class=\"wp-block-heading\">P\u00e1ly\u00e1zati bemutat\u00f3 \u00e9s d\u00edj\u00e1tad\u00f3<\/h2>\n\n\n\n<p>Az \u00c9rt\u00e9keink Nyom\u00e1ban p\u00e1ly\u00e1zat november 22-\u00e9n z\u00e1rul! A szombati z\u00e1r\u00f3esem\u00e9ny, mely a szigetszentmikl\u00f3si Telep\u00fcl\u00e9si \u00c9rt\u00e9kt\u00e1r Bizotts\u00e1g ny\u00edlt \u00fcl\u00e9se lesz, a V\u00e1rosi K\u00f6nyvt\u00e1r \u00e9s K\u00f6z\u00f6ss\u00e9gi H\u00e1z sz\u00ednh\u00e1zterm\u00e9ben lesz. Szeretettel v\u00e1runk mindenkit, aki \u00e9rdekl\u0151dik Szigetszentmikl\u00f3s m\u00faltja, jelene \u00e9s \u00e9rt\u00e9kei ir\u00e1nt!<\/p>\n\n\n\n<p>Helysz\u00edn: V\u00e1rosi K\u00f6nyvt\u00e1r \u00e9s K\u00f6z\u00f6ss\u00e9gi H\u00e1z, sz\u00ednh\u00e1zterem<\/p>\n\n\n\n<p>Id\u0151pont: 2025. november 22. szombat, 9.00<\/p>\n\n\n\n<p>Admission is free!<\/p>\n\n\n\n<figure class=\"wp-block-image size-full\"><img fetchpriority=\"high\" decoding=\"async\" width=\"1810\" height=\"2560\" src=\"https:\/\/miklosimuzeum.hu\/wp-content\/uploads\/2025\/11\/Ertektar-2025-atado-plaki-1-scaled.jpg\" alt=\"\" class=\"wp-image-2509\"\/><\/figure>\n\n\n\n<div class=\"wp-block-buttons is-content-justification-center is-layout-flex wp-container-core-buttons-is-layout-16018d1d wp-block-buttons-is-layout-flex\">\n<div class=\"wp-block-button\"><a class=\"wp-block-button__link wp-element-button\" href=\"https:\/\/www.facebook.com\/events\/2050086382486934\">Facebook esem\u00e9ny<\/a><\/div>\n<\/div>\n\n\n\n<hr class=\"wp-block-separator has-alpha-channel-opacity\"\/>\n\n\n\n<h1 class=\"wp-block-heading\">P\u00e1ly\u00e1zati ki\u00edr\u00e1s<\/h1>\n\n\n\n<h2 class=\"wp-block-heading\" id=\"0-mi-az-az-%C3%A9rt%C3%A9k\">Mi az az \u00c9rt\u00e9k?<\/h2>\n\n\n\n<p>Mindaz, amire b\u00fcszk\u00e9k vagyunk, amit szeretn\u00e9nk m\u00e1sokkal megosztani \u00e9s ut\u00f3dainkra \u00f6r\u00f6k\u00edteni. Ez lehet csak a mi v\u00e1rosunk sz\u00e1m\u00e1ra fontos dolog, de olyasmi is, ami ak\u00e1r orsz\u00e1gosan is m\u00e9lt\u00f3 a megk\u00fcl\u00f6nb\u00f6ztet\u00e9sre \u00e9s a n\u00e9pszer\u0171s\u00edt\u00e9sre. Az orsz\u00e1gos jelent\u0151s\u00e9g\u0171 \u00e9rt\u00e9kekb\u0151l Hungarikum v\u00e1lhat &#8211; Szigetszentmikl\u00f3son ilyen a lakihegyi ad\u00f3torony vagy \u00c1d\u00e1m Jen\u0151 hagyat\u00e9ka.<\/p>\n\n\n\n<p>Jelenleg a szigetszentmikl\u00f3si Telep\u00fcl\u00e9si \u00c9rt\u00e9kt\u00e1rnak hat tagja van. Jelen p\u00e1ly\u00e1zat c\u00e9lja, hogy a TI seg\u00edts\u00e9getekkel b\u0151v\u00edts\u00fck ezt a list\u00e1t, ez\u00e1ltal az \u00f6nkorm\u00e1nyzat n\u00e9pszer\u0171s\u00edteni tudja \u0151ket, \u00e9s erre anyagi forr\u00e1sokat is szerezhet. Az \u00c9rt\u00e9kt\u00e1r b\u0151v\u00edt\u00e9se teh\u00e1t seg\u00edti v\u00e1rosunkat abban, hogy meg\u0151rizze \u00e9s fejlessze kult\u00far\u00e1j\u00e1t!<\/p>\n\n\n\n<h2 class=\"wp-block-heading\" id=\"1-mi-tartozhat-a-helyi-%C3%A9rt%C3%A9kek-k%C3%B6r%C3%A9be\">Mi tartozhat a helyi \u00e9rt\u00e9kek k\u00f6r\u00e9be?<\/h2>\n\n\n\n<p>\u25cf \u00e9p\u00fcletek, \u00e9p\u00edtm\u00e9nyek, eszk\u00f6z\u00f6k, t\u00e1rgyak,<br>\u25cf szellemi alkot\u00e1sok, term\u00e9kek, tud\u00f3sok, \u00edr\u00f3k, m\u0171v\u00e9szek \u00e9letm\u0171ve,<br>\u25cf term\u00e9szeti \u00e9rt\u00e9kek,<br>\u25cf elismert sportol\u00f3k \u00e1ltal el\u00e9rt eredm\u00e9nyek,<br>\u25cf szobrok, m\u0171alkot\u00e1sok,<br>\u25cf kiemelt rendezv\u00e9nyek, turisztikai l\u00e1tv\u00e1nyoss\u00e1gok, helyi k\u00f6z\u00f6ss\u00e9gek stb.,<br>\u25cf \u00e9s minden \u00e9rt\u00e9k, ami a helyi identit\u00e1st er\u0151s\u00edtheti.<\/p>\n\n\n<style>.kt-accordion-id2444_9fcfd7-84 .kt-accordion-inner-wrap{column-gap:var(--global-kb-gap-md, 2rem);row-gap:0px;}.kt-accordion-id2444_9fcfd7-84 .kt-accordion-panel-inner{border-top:0px solid transparent;border-right:0px solid transparent;border-bottom:0px solid transparent;border-left:0px solid transparent;padding-top:var(--global-kb-spacing-sm, 1.5rem);padding-right:var(--global-kb-spacing-sm, 1.5rem);padding-bottom:var(--global-kb-spacing-sm, 1.5rem);padding-left:var(--global-kb-spacing-sm, 1.5rem);}.kt-accordion-id2444_9fcfd7-84 .wp-block-kadence-pane .kt-accordion-header-wrap .kt-blocks-accordion-header{border-top:0px solid #f2f2f2;border-right:0px solid #f2f2f2;border-bottom:0px solid #f2f2f2;border-left:0px solid #f2f2f2;border-top-left-radius:0px;border-top-right-radius:0px;border-bottom-right-radius:0px;border-bottom-left-radius:0px;background:#eeeeee;color:#3473b6;padding-top:10px;padding-right:14px;padding-bottom:10px;padding-left:14px;}.kt-accordion-id2444_9fcfd7-84:not( .kt-accodion-icon-style-basiccircle ):not( .kt-accodion-icon-style-xclosecircle ):not( .kt-accodion-icon-style-arrowcircle ) .kt-blocks-accordion-icon-trigger:after, .kt-accordion-id2444_9fcfd7-84:not( .kt-accodion-icon-style-basiccircle ):not( .kt-accodion-icon-style-xclosecircle ):not( .kt-accodion-icon-style-arrowcircle ) .kt-blocks-accordion-icon-trigger:before{background:#3473b6;}.kt-accordion-id2444_9fcfd7-84:not( .kt-accodion-icon-style-basic ):not( .kt-accodion-icon-style-xclose ):not( .kt-accodion-icon-style-arrow ) .kt-blocks-accordion-icon-trigger{background:#3473b6;}.kt-accordion-id2444_9fcfd7-84:not( .kt-accodion-icon-style-basic ):not( .kt-accodion-icon-style-xclose ):not( .kt-accodion-icon-style-arrow ) .kt-blocks-accordion-icon-trigger:after, .kt-accordion-id2444_9fcfd7-84:not( .kt-accodion-icon-style-basic ):not( .kt-accodion-icon-style-xclose ):not( .kt-accodion-icon-style-arrow ) .kt-blocks-accordion-icon-trigger:before{background:#eeeeee;}.kt-accordion-id2444_9fcfd7-84 .kt-accordion-header-wrap .kt-blocks-accordion-header:hover, body:not(.hide-focus-outline) .kt-accordion-id2444_9fcfd7-84 .kt-accordion-header-wrap .kt-blocks-accordion-header:focus-visible{color:#3473b6;background:#eeeeee;border-top-color:#eeeeee;border-top-style:solid;border-right-color:#eeeeee;border-right-style:solid;border-bottom-color:#eeeeee;border-bottom-style:solid;border-left-color:#eeeeee;border-left-style:solid;}.kt-accordion-id2444_9fcfd7-84:not( .kt-accodion-icon-style-basiccircle ):not( .kt-accodion-icon-style-xclosecircle ):not( .kt-accodion-icon-style-arrowcircle ) .kt-blocks-accordion-header:hover .kt-blocks-accordion-icon-trigger:after, .kt-accordion-id2444_9fcfd7-84:not( .kt-accodion-icon-style-basiccircle ):not( .kt-accodion-icon-style-xclosecircle ):not( .kt-accodion-icon-style-arrowcircle ) .kt-blocks-accordion-header:hover .kt-blocks-accordion-icon-trigger:before, body:not(.hide-focus-outline) .kt-accordion-id2444_9fcfd7-84:not( .kt-accodion-icon-style-basiccircle ):not( .kt-accodion-icon-style-xclosecircle ):not( .kt-accodion-icon-style-arrowcircle ) .kt-blocks-accordion--visible .kt-blocks-accordion-icon-trigger:after, body:not(.hide-focus-outline) .kt-accordion-id2444_9fcfd7-84:not( .kt-accodion-icon-style-basiccircle ):not( .kt-accodion-icon-style-xclosecircle ):not( .kt-accodion-icon-style-arrowcircle ) .kt-blocks-accordion-header:focus-visible .kt-blocks-accordion-icon-trigger:before{background:#3473b6;}.kt-accordion-id2444_9fcfd7-84:not( .kt-accodion-icon-style-basic ):not( .kt-accodion-icon-style-xclose ):not( .kt-accodion-icon-style-arrow ) .kt-blocks-accordion-header:hover .kt-blocks-accordion-icon-trigger, body:not(.hide-focus-outline) .kt-accordion-id2444_9fcfd7-84:not( .kt-accodion-icon-style-basic ):not( .kt-accodion-icon-style-xclose ):not( .kt-accodion-icon-style-arrow ) .kt-blocks-accordion-header:focus-visible .kt-blocks-accordion-icon-trigger{background:#3473b6;}.kt-accordion-id2444_9fcfd7-84:not( .kt-accodion-icon-style-basic ):not( .kt-accodion-icon-style-xclose ):not( .kt-accodion-icon-style-arrow ) .kt-blocks-accordion-header:hover .kt-blocks-accordion-icon-trigger:after, .kt-accordion-id2444_9fcfd7-84:not( .kt-accodion-icon-style-basic ):not( .kt-accodion-icon-style-xclose ):not( .kt-accodion-icon-style-arrow ) .kt-blocks-accordion-header:hover .kt-blocks-accordion-icon-trigger:before, body:not(.hide-focus-outline) .kt-accordion-id2444_9fcfd7-84:not( .kt-accodion-icon-style-basic ):not( .kt-accodion-icon-style-xclose ):not( .kt-accodion-icon-style-arrow ) .kt-blocks-accordion-header:focus-visible .kt-blocks-accordion-icon-trigger:after, body:not(.hide-focus-outline) .kt-accordion-id2444_9fcfd7-84:not( .kt-accodion-icon-style-basic ):not( .kt-accodion-icon-style-xclose ):not( .kt-accodion-icon-style-arrow ) .kt-blocks-accordion-header:focus-visible .kt-blocks-accordion-icon-trigger:before{background:#eeeeee;}.kt-accordion-id2444_9fcfd7-84 .kt-accordion-header-wrap .kt-blocks-accordion-header:focus-visible, .kt-accordion-id2444_9fcfd7-84 .kt-accordion-header-wrap .kt-blocks-accordion-header.kt-accordion-panel-active{color:#eeeeee;background:#3473b6;border-top-color:#444444;border-top-style:solid;border-right-color:#444444;border-right-style:solid;border-bottom-color:#444444;border-bottom-style:solid;border-left-color:#444444;border-left-style:solid;}.kt-accordion-id2444_9fcfd7-84:not( .kt-accodion-icon-style-basiccircle ):not( .kt-accodion-icon-style-xclosecircle ):not( .kt-accodion-icon-style-arrowcircle ) .kt-blocks-accordion-header.kt-accordion-panel-active .kt-blocks-accordion-icon-trigger:after, .kt-accordion-id2444_9fcfd7-84:not( .kt-accodion-icon-style-basiccircle ):not( .kt-accodion-icon-style-xclosecircle ):not( .kt-accodion-icon-style-arrowcircle ) .kt-blocks-accordion-header.kt-accordion-panel-active .kt-blocks-accordion-icon-trigger:before{background:#eeeeee;}.kt-accordion-id2444_9fcfd7-84:not( .kt-accodion-icon-style-basic ):not( .kt-accodion-icon-style-xclose ):not( .kt-accodion-icon-style-arrow ) .kt-blocks-accordion-header.kt-accordion-panel-active .kt-blocks-accordion-icon-trigger{background:#eeeeee;}.kt-accordion-id2444_9fcfd7-84:not( .kt-accodion-icon-style-basic ):not( .kt-accodion-icon-style-xclose ):not( .kt-accodion-icon-style-arrow ) .kt-blocks-accordion-header.kt-accordion-panel-active .kt-blocks-accordion-icon-trigger:after, .kt-accordion-id2444_9fcfd7-84:not( .kt-accodion-icon-style-basic ):not( .kt-accodion-icon-style-xclose ):not( .kt-accodion-icon-style-arrow ) .kt-blocks-accordion-header.kt-accordion-panel-active .kt-blocks-accordion-icon-trigger:before{background:#3473b6;}@media all and (max-width: 1024px){.kt-accordion-id2444_9fcfd7-84 .kt-accordion-panel-inner{border-top:0px solid transparent;border-right:0px solid transparent;border-bottom:0px solid transparent;border-left:0px solid transparent;}}@media all and (max-width: 1024px){.kt-accordion-id2444_9fcfd7-84 .wp-block-kadence-pane .kt-accordion-header-wrap .kt-blocks-accordion-header{border-top:0px solid #f2f2f2;border-right:0px solid #f2f2f2;border-bottom:0px solid #f2f2f2;border-left:0px solid #f2f2f2;}}@media all and (max-width: 1024px){.kt-accordion-id2444_9fcfd7-84 .kt-accordion-header-wrap .kt-blocks-accordion-header:hover, body:not(.hide-focus-outline) .kt-accordion-id2444_9fcfd7-84 .kt-accordion-header-wrap .kt-blocks-accordion-header:focus-visible{border-top-color:#eeeeee;border-top-style:solid;border-right-color:#eeeeee;border-right-style:solid;border-bottom-color:#eeeeee;border-bottom-style:solid;border-left-color:#eeeeee;border-left-style:solid;}}@media all and (max-width: 1024px){.kt-accordion-id2444_9fcfd7-84 .kt-accordion-header-wrap .kt-blocks-accordion-header:focus-visible, .kt-accordion-id2444_9fcfd7-84 .kt-accordion-header-wrap .kt-blocks-accordion-header.kt-accordion-panel-active{border-top-color:#444444;border-top-style:solid;border-right-color:#444444;border-right-style:solid;border-bottom-color:#444444;border-bottom-style:solid;border-left-color:#444444;border-left-style:solid;}}@media all and (max-width: 767px){.kt-accordion-id2444_9fcfd7-84 .kt-accordion-inner-wrap{display:block;}.kt-accordion-id2444_9fcfd7-84 .kt-accordion-inner-wrap .kt-accordion-pane:not(:first-child){margin-top:0px;}.kt-accordion-id2444_9fcfd7-84 .kt-accordion-panel-inner{border-top:0px solid transparent;border-right:0px solid transparent;border-bottom:0px solid transparent;border-left:0px solid transparent;}.kt-accordion-id2444_9fcfd7-84 .wp-block-kadence-pane .kt-accordion-header-wrap .kt-blocks-accordion-header{border-top:0px solid #f2f2f2;border-right:0px solid #f2f2f2;border-bottom:0px solid #f2f2f2;border-left:0px solid #f2f2f2;}.kt-accordion-id2444_9fcfd7-84 .kt-accordion-header-wrap .kt-blocks-accordion-header:hover, body:not(.hide-focus-outline) .kt-accordion-id2444_9fcfd7-84 .kt-accordion-header-wrap .kt-blocks-accordion-header:focus-visible{border-top-color:#eeeeee;border-top-style:solid;border-right-color:#eeeeee;border-right-style:solid;border-bottom-color:#eeeeee;border-bottom-style:solid;border-left-color:#eeeeee;border-left-style:solid;}.kt-accordion-id2444_9fcfd7-84 .kt-accordion-header-wrap .kt-blocks-accordion-header:focus-visible, .kt-accordion-id2444_9fcfd7-84 .kt-accordion-header-wrap .kt-blocks-accordion-header.kt-accordion-panel-active{border-top-color:#444444;border-top-style:solid;border-right-color:#444444;border-right-style:solid;border-bottom-color:#444444;border-bottom-style:solid;border-left-color:#444444;border-left-style:solid;}}<\/style>\n<div class=\"wp-block-kadence-accordion alignnone\"><div class=\"kt-accordion-wrap kt-accordion-id2444_9fcfd7-84 kt-accordion-has-4-panes kt-active-pane-0 kt-accordion-block kt-pane-header-alignment-left kt-accodion-icon-style-arrowcircle kt-accodion-icon-side-right\" style=\"max-width:none\"><div class=\"kt-accordion-inner-wrap\" data-allow-multiple-open=\"false\" data-start-open=\"none\">\n<div class=\"wp-block-kadence-pane kt-accordion-pane kt-accordion-pane-1 kt-pane2444_c30475-e9\"><div class=\"kt-accordion-header-wrap\"><button class=\"kt-blocks-accordion-header kt-acccordion-button-label-show\" type=\"button\"><span class=\"kt-blocks-accordion-title-wrap\"><span class=\"kt-blocks-accordion-title\">Mely \u00e9rt\u00e9kek tartoznak jelenleg a szigetszentmikl\u00f3si Telep\u00fcl\u00e9si \u00c9rt\u00e9kt\u00e1rba?<\/span><\/span><span class=\"kt-blocks-accordion-icon-trigger\"><\/span><\/button><\/div><div class=\"kt-accordion-panel kt-accordion-panel-hidden\"><div class=\"kt-accordion-panel-inner\">\n<p>\u25cf \u00c1rp\u00e1d-kor helyt\u00f6rt\u00e9neti jelent\u0151s\u00e9ge a Csepel-szigeten<br>\u25cf R\u00e1ckevei Duna-\u00e1g \u00fasz\u00f3l\u00e1pjai \u00e9s \u00e9l\u0151vil\u00e1ga<br>\u25cf Vas\u00fati k\u00e9zi jelz\u0151l\u00e1mpa<br>\u25cf Hungaricum Gombfoci H\u00e1za M\u00fazeum<br>\u25cf Lakihegyi ad\u00f3torony<\/p>\n<\/div><\/div><\/div>\n<\/div><\/div><\/div>\n\n\n\n<hr class=\"wp-block-separator has-alpha-channel-opacity\"\/>\n\n\n\n<h2 class=\"wp-block-heading\" id=\"2-p%C3%A1ly%C3%A1zati-felt%C3%A9telek\">P\u00e1ly\u00e1zati felt\u00e9telek<\/h2>\n\n\n\n<p>Jelentkez\u00e9s 1-3 f\u0151s csapatok r\u00e9sz\u00e9re!<\/p>\n\n\n\n<p>P\u00e1lyamunka: 1-3 oldal terjedelm\u0171 le\u00edr\u00e1s a v\u00e1lasztott \u00e9rt\u00e9kr\u0151l. A le\u00edr\u00e1sban r\u00e9szletezni kell a felhaszn\u00e1lt forr\u00e1sokat, a megsz\u00f3laltatott szem\u00e9lyeket. Az eredm\u00e9nyes r\u00e9szv\u00e9tel felt\u00e9tele a Helyt\u00f6rt\u00e9neti Gy\u0171jtem\u00e9nyben elt\u00f6lt\u00f6tt szem\u00e9lyes konzult\u00e1ci\u00f3!<\/p>\n\n\n\n<p>Bemutat\u00f3: a p\u00e1lyamunk\u00e1kat 2025. november 22-\u00e9n szem\u00e9lyesen is be kell mutatni a z\u00e1r\u00f3esem\u00e9nyen, a Telep\u00fcl\u00e9si \u00c9rt\u00e9kt\u00e1r Bizotts\u00e1g d\u00edsz\u00fcl\u00e9s\u00e9n. A bemutat\u00e1s eszk\u00f6ze szabadon v\u00e1lasztott: el\u0151ad\u00e1st, prezent\u00e1ci\u00f3t, esetleg maximum 15 perc hossz\u00fas\u00e1g\u00fa dokumentumfilmet v\u00e1runk. \u00c9rdemes min\u00e9l szebb munk\u00e1t k\u00e9sz\u00edteni, mert a h\u00e1rom legjobban siker\u00fclt p\u00e1lyamunk\u00e1t \u00e9rt\u00e9kes nyerem\u00e9nyekkel d\u00edjazzuk, tov\u00e1bb\u00e1 megjelentetj\u00fck a Helyt\u00f6rt\u00e9neti Gy\u0171jtem\u00e9ny honlapj\u00e1n!<\/p>\n\n\n\n<p>Lead\u00e1s: 2025. november 14-ig ezen az oldalon vagy szem\u00e9lyesen a Helyt\u00f6rt\u00e9neti Gy\u0171jtem\u00e9nyben.<\/p>\n\n\n\n<p>A p\u00e1ly\u00e1zaton eredm\u00e9nyesen r\u00e9szt vev\u0151 csapatok tagjainak 30 \u00f3r\u00e1t j\u00f3v\u00e1\u00edrunk a k\u00f6telez\u0151 k\u00f6z\u00f6ss\u00e9gi szolg\u00e1lat \u00f3rasz\u00e1m\u00e1b\u00f3l!<\/p>\n\n\n\n<p>V\u00e1lasszatok az al\u00e1bbi list\u00e1ban szerepl\u0151 \u00e9rt\u00e9kek k\u00f6z\u00fcl! A c\u00edmekre kattintva mindegyikr\u0151l tal\u00e1ltok egy r\u00f6vid le\u00edr\u00e1st is. Ha van \u00f6tletek helyi \u00e9rt\u00e9kre, \u00e9s az nem szerepel a list\u00e1n, a jelentkez\u00e9si lapon a megfelel\u0151 helyen jelezz\u00e9tek, \u00e9s seg\u00edt\u00fcnk a kidolgoz\u00e1sban!<\/p>\n\n\n<style>.kt-accordion-id2444_173b71-84 .kt-accordion-inner-wrap{column-gap:var(--global-kb-gap-md, 2rem);row-gap:0px;}.kt-accordion-id2444_173b71-84 .kt-accordion-panel-inner{border-top:0px solid transparent;border-right:0px solid transparent;border-bottom:0px solid transparent;border-left:0px solid transparent;padding-top:var(--global-kb-spacing-sm, 1.5rem);padding-right:var(--global-kb-spacing-sm, 1.5rem);padding-bottom:var(--global-kb-spacing-sm, 1.5rem);padding-left:var(--global-kb-spacing-sm, 1.5rem);}.kt-accordion-id2444_173b71-84 .wp-block-kadence-pane .kt-accordion-header-wrap .kt-blocks-accordion-header{border-top:0px solid #f2f2f2;border-right:0px solid #f2f2f2;border-bottom:0px solid #f2f2f2;border-left:0px solid #f2f2f2;border-top-left-radius:0px;border-top-right-radius:0px;border-bottom-right-radius:0px;border-bottom-left-radius:0px;background:#eeeeee;color:#3473b6;padding-top:10px;padding-right:14px;padding-bottom:10px;padding-left:14px;}.kt-accordion-id2444_173b71-84:not( .kt-accodion-icon-style-basiccircle ):not( .kt-accodion-icon-style-xclosecircle ):not( .kt-accodion-icon-style-arrowcircle ) .kt-blocks-accordion-icon-trigger:after, .kt-accordion-id2444_173b71-84:not( .kt-accodion-icon-style-basiccircle ):not( .kt-accodion-icon-style-xclosecircle ):not( .kt-accodion-icon-style-arrowcircle ) .kt-blocks-accordion-icon-trigger:before{background:#3473b6;}.kt-accordion-id2444_173b71-84:not( .kt-accodion-icon-style-basic ):not( .kt-accodion-icon-style-xclose ):not( .kt-accodion-icon-style-arrow ) .kt-blocks-accordion-icon-trigger{background:#3473b6;}.kt-accordion-id2444_173b71-84:not( .kt-accodion-icon-style-basic ):not( .kt-accodion-icon-style-xclose ):not( .kt-accodion-icon-style-arrow ) .kt-blocks-accordion-icon-trigger:after, .kt-accordion-id2444_173b71-84:not( .kt-accodion-icon-style-basic ):not( .kt-accodion-icon-style-xclose ):not( .kt-accodion-icon-style-arrow ) .kt-blocks-accordion-icon-trigger:before{background:#eeeeee;}.kt-accordion-id2444_173b71-84 .kt-accordion-header-wrap .kt-blocks-accordion-header:hover, body:not(.hide-focus-outline) .kt-accordion-id2444_173b71-84 .kt-accordion-header-wrap .kt-blocks-accordion-header:focus-visible{color:#3473b6;background:#eeeeee;border-top-color:#eeeeee;border-top-style:solid;border-right-color:#eeeeee;border-right-style:solid;border-bottom-color:#eeeeee;border-bottom-style:solid;border-left-color:#eeeeee;border-left-style:solid;}.kt-accordion-id2444_173b71-84:not( .kt-accodion-icon-style-basiccircle ):not( .kt-accodion-icon-style-xclosecircle ):not( .kt-accodion-icon-style-arrowcircle ) .kt-blocks-accordion-header:hover .kt-blocks-accordion-icon-trigger:after, .kt-accordion-id2444_173b71-84:not( .kt-accodion-icon-style-basiccircle ):not( .kt-accodion-icon-style-xclosecircle ):not( .kt-accodion-icon-style-arrowcircle ) .kt-blocks-accordion-header:hover .kt-blocks-accordion-icon-trigger:before, body:not(.hide-focus-outline) .kt-accordion-id2444_173b71-84:not( .kt-accodion-icon-style-basiccircle ):not( .kt-accodion-icon-style-xclosecircle ):not( .kt-accodion-icon-style-arrowcircle ) .kt-blocks-accordion--visible .kt-blocks-accordion-icon-trigger:after, body:not(.hide-focus-outline) .kt-accordion-id2444_173b71-84:not( .kt-accodion-icon-style-basiccircle ):not( .kt-accodion-icon-style-xclosecircle ):not( .kt-accodion-icon-style-arrowcircle ) .kt-blocks-accordion-header:focus-visible .kt-blocks-accordion-icon-trigger:before{background:#3473b6;}.kt-accordion-id2444_173b71-84:not( .kt-accodion-icon-style-basic ):not( .kt-accodion-icon-style-xclose ):not( .kt-accodion-icon-style-arrow ) .kt-blocks-accordion-header:hover .kt-blocks-accordion-icon-trigger, body:not(.hide-focus-outline) .kt-accordion-id2444_173b71-84:not( .kt-accodion-icon-style-basic ):not( .kt-accodion-icon-style-xclose ):not( .kt-accodion-icon-style-arrow ) .kt-blocks-accordion-header:focus-visible .kt-blocks-accordion-icon-trigger{background:#3473b6;}.kt-accordion-id2444_173b71-84:not( .kt-accodion-icon-style-basic ):not( .kt-accodion-icon-style-xclose ):not( .kt-accodion-icon-style-arrow ) .kt-blocks-accordion-header:hover .kt-blocks-accordion-icon-trigger:after, .kt-accordion-id2444_173b71-84:not( .kt-accodion-icon-style-basic ):not( .kt-accodion-icon-style-xclose ):not( .kt-accodion-icon-style-arrow ) .kt-blocks-accordion-header:hover .kt-blocks-accordion-icon-trigger:before, body:not(.hide-focus-outline) .kt-accordion-id2444_173b71-84:not( .kt-accodion-icon-style-basic ):not( .kt-accodion-icon-style-xclose ):not( .kt-accodion-icon-style-arrow ) .kt-blocks-accordion-header:focus-visible .kt-blocks-accordion-icon-trigger:after, body:not(.hide-focus-outline) .kt-accordion-id2444_173b71-84:not( .kt-accodion-icon-style-basic ):not( .kt-accodion-icon-style-xclose ):not( .kt-accodion-icon-style-arrow ) .kt-blocks-accordion-header:focus-visible .kt-blocks-accordion-icon-trigger:before{background:#eeeeee;}.kt-accordion-id2444_173b71-84 .kt-accordion-header-wrap .kt-blocks-accordion-header:focus-visible, .kt-accordion-id2444_173b71-84 .kt-accordion-header-wrap .kt-blocks-accordion-header.kt-accordion-panel-active{color:#eeeeee;background:#3473b6;border-top-color:#444444;border-top-style:solid;border-right-color:#444444;border-right-style:solid;border-bottom-color:#444444;border-bottom-style:solid;border-left-color:#444444;border-left-style:solid;}.kt-accordion-id2444_173b71-84:not( .kt-accodion-icon-style-basiccircle ):not( .kt-accodion-icon-style-xclosecircle ):not( .kt-accodion-icon-style-arrowcircle ) .kt-blocks-accordion-header.kt-accordion-panel-active .kt-blocks-accordion-icon-trigger:after, .kt-accordion-id2444_173b71-84:not( .kt-accodion-icon-style-basiccircle ):not( .kt-accodion-icon-style-xclosecircle ):not( .kt-accodion-icon-style-arrowcircle ) .kt-blocks-accordion-header.kt-accordion-panel-active .kt-blocks-accordion-icon-trigger:before{background:#eeeeee;}.kt-accordion-id2444_173b71-84:not( .kt-accodion-icon-style-basic ):not( .kt-accodion-icon-style-xclose ):not( .kt-accodion-icon-style-arrow ) .kt-blocks-accordion-header.kt-accordion-panel-active .kt-blocks-accordion-icon-trigger{background:#eeeeee;}.kt-accordion-id2444_173b71-84:not( .kt-accodion-icon-style-basic ):not( .kt-accodion-icon-style-xclose ):not( .kt-accodion-icon-style-arrow ) .kt-blocks-accordion-header.kt-accordion-panel-active .kt-blocks-accordion-icon-trigger:after, .kt-accordion-id2444_173b71-84:not( .kt-accodion-icon-style-basic ):not( .kt-accodion-icon-style-xclose ):not( .kt-accodion-icon-style-arrow ) .kt-blocks-accordion-header.kt-accordion-panel-active .kt-blocks-accordion-icon-trigger:before{background:#3473b6;}@media all and (max-width: 1024px){.kt-accordion-id2444_173b71-84 .kt-accordion-panel-inner{border-top:0px solid transparent;border-right:0px solid transparent;border-bottom:0px solid transparent;border-left:0px solid transparent;}}@media all and (max-width: 1024px){.kt-accordion-id2444_173b71-84 .wp-block-kadence-pane .kt-accordion-header-wrap .kt-blocks-accordion-header{border-top:0px solid #f2f2f2;border-right:0px solid #f2f2f2;border-bottom:0px solid #f2f2f2;border-left:0px solid #f2f2f2;}}@media all and (max-width: 1024px){.kt-accordion-id2444_173b71-84 .kt-accordion-header-wrap .kt-blocks-accordion-header:hover, body:not(.hide-focus-outline) .kt-accordion-id2444_173b71-84 .kt-accordion-header-wrap .kt-blocks-accordion-header:focus-visible{border-top-color:#eeeeee;border-top-style:solid;border-right-color:#eeeeee;border-right-style:solid;border-bottom-color:#eeeeee;border-bottom-style:solid;border-left-color:#eeeeee;border-left-style:solid;}}@media all and (max-width: 1024px){.kt-accordion-id2444_173b71-84 .kt-accordion-header-wrap .kt-blocks-accordion-header:focus-visible, .kt-accordion-id2444_173b71-84 .kt-accordion-header-wrap .kt-blocks-accordion-header.kt-accordion-panel-active{border-top-color:#444444;border-top-style:solid;border-right-color:#444444;border-right-style:solid;border-bottom-color:#444444;border-bottom-style:solid;border-left-color:#444444;border-left-style:solid;}}@media all and (max-width: 767px){.kt-accordion-id2444_173b71-84 .kt-accordion-inner-wrap{display:block;}.kt-accordion-id2444_173b71-84 .kt-accordion-inner-wrap .kt-accordion-pane:not(:first-child){margin-top:0px;}.kt-accordion-id2444_173b71-84 .kt-accordion-panel-inner{border-top:0px solid transparent;border-right:0px solid transparent;border-bottom:0px solid transparent;border-left:0px solid transparent;}.kt-accordion-id2444_173b71-84 .wp-block-kadence-pane .kt-accordion-header-wrap .kt-blocks-accordion-header{border-top:0px solid #f2f2f2;border-right:0px solid #f2f2f2;border-bottom:0px solid #f2f2f2;border-left:0px solid #f2f2f2;}.kt-accordion-id2444_173b71-84 .kt-accordion-header-wrap .kt-blocks-accordion-header:hover, body:not(.hide-focus-outline) .kt-accordion-id2444_173b71-84 .kt-accordion-header-wrap .kt-blocks-accordion-header:focus-visible{border-top-color:#eeeeee;border-top-style:solid;border-right-color:#eeeeee;border-right-style:solid;border-bottom-color:#eeeeee;border-bottom-style:solid;border-left-color:#eeeeee;border-left-style:solid;}.kt-accordion-id2444_173b71-84 .kt-accordion-header-wrap .kt-blocks-accordion-header:focus-visible, .kt-accordion-id2444_173b71-84 .kt-accordion-header-wrap .kt-blocks-accordion-header.kt-accordion-panel-active{border-top-color:#444444;border-top-style:solid;border-right-color:#444444;border-right-style:solid;border-bottom-color:#444444;border-bottom-style:solid;border-left-color:#444444;border-left-style:solid;}}<\/style>\n<div class=\"wp-block-kadence-accordion alignnone\"><div class=\"kt-accordion-wrap kt-accordion-id2444_173b71-84 kt-accordion-has-20-panes kt-active-pane-0 kt-accordion-block kt-pane-header-alignment-left kt-accodion-icon-style-arrowcircle kt-accodion-icon-side-right\" style=\"max-width:none\"><div class=\"kt-accordion-inner-wrap\" data-allow-multiple-open=\"false\" data-start-open=\"none\">\n<div class=\"wp-block-kadence-pane kt-accordion-pane kt-accordion-pane-1 kt-pane2444_e25957-58\"><div class=\"kt-accordion-header-wrap\"><button class=\"kt-blocks-accordion-header kt-acccordion-button-label-show\" type=\"button\"><span class=\"kt-blocks-accordion-title-wrap\"><span class=\"kt-blocks-accordion-title\">\u00c1d\u00e1m Jen\u0151 \u00e9s az \u00c1d\u00e1m Jen\u0151 Eml\u00e9kh\u00e1z<\/span><\/span><span class=\"kt-blocks-accordion-icon-trigger\"><\/span><\/button><\/div><div class=\"kt-accordion-panel kt-accordion-panel-hidden\"><div class=\"kt-accordion-panel-inner\">\n<p>\u00c1d\u00e1m Jen\u0151 Kossuth-d\u00edjas zenepedag\u00f3gus \u00e9s zeneszerz\u0151, a Kod\u00e1ly-m\u00f3dszerk\u00e9nt vil\u00e1gh\u00edr\u0171v\u00e9 v\u00e1lt szolmiz\u00e1ci\u00f3 m\u00f3dszertan\u00e1nak kidolgoz\u00f3ja. Szigetszentmikl\u00f3son sz\u00fcletett, ami eg\u00e9sz \u00e9let\u00e9ben fontos volt sz\u00e1m\u00e1ra. Itt van eltemetve, nev\u00e9t utca, iskola \u0151rzi, \u00e9s itt tal\u00e1lhat\u00f3 az \u00e9letm\u0171v\u00e9b\u0151l berendezett Eml\u00e9kh\u00e1z is, mely b\u0151s\u00e9ges forr\u00e1sanyagot k\u00edn\u00e1l az \u00e9let\u00e9re vonatkoz\u00f3an.<\/p>\n<\/div><\/div><\/div>\n\n\n\n<div class=\"wp-block-kadence-pane kt-accordion-pane kt-accordion-pane-2 kt-pane2444_9f3700-e7\"><div class=\"kt-accordion-header-wrap\"><button class=\"kt-blocks-accordion-header kt-acccordion-button-label-show\" type=\"button\"><span class=\"kt-blocks-accordion-title-wrap\"><span class=\"kt-blocks-accordion-title\">Somogyv\u00e1ri Gyula<\/span><\/span><span class=\"kt-blocks-accordion-icon-trigger\"><\/span><\/button><\/div><div class=\"kt-accordion-panel kt-accordion-panel-hidden\"><div class=\"kt-accordion-panel-inner\">\n<p>A k\u00e9t vil\u00e1gh\u00e1bor\u00fa k\u00f6z\u00f6tti id\u0151szakban ismert \u00edr\u00f3, k\u00f6lt\u0151, a Magyar R\u00e1di\u00f3 irodalmi igazgat\u00f3ja. Neki k\u00f6sz\u00f6nhet\u0151 haz\u00e1nkban a r\u00e1di\u00f3j\u00e1t\u00e9k m\u0171faj\u00e1nak meghonos\u00edt\u00e1sa. A II. vil\u00e1gh\u00e1bor\u00fa ut\u00e1n a kommunista diktat\u00fara \u00e1ldozat\u00e1v\u00e1 v\u00e1lt. Szigetszentmikl\u00f3son nyaral\u00f3ja volt, ahol sz\u00e1mos vers\u00e9t \u00edrta.<\/p>\n<\/div><\/div><\/div>\n\n\n\n<div class=\"wp-block-kadence-pane kt-accordion-pane kt-accordion-pane-3 kt-pane2444_64cf3c-64\"><div class=\"kt-accordion-header-wrap\"><button class=\"kt-blocks-accordion-header kt-acccordion-button-label-show\" type=\"button\"><span class=\"kt-blocks-accordion-title-wrap\"><span class=\"kt-blocks-accordion-title\">A sz\u00edv alak\u00fa s\u00edrk\u00f6vek<\/span><\/span><span class=\"kt-blocks-accordion-icon-trigger\"><\/span><\/button><\/div><div class=\"kt-accordion-panel kt-accordion-panel-hidden\"><div class=\"kt-accordion-panel-inner\">\n<p>Egyedi megjelen\u00e9s\u0171 s\u00edrk\u00f6vek a 19. sz\u00e1zadb\u00f3l, melyek \u00f6nmagukban is m\u0171alkot\u00e1snak tekinthet\u0151k. A Helyt\u00f6rt\u00e9neti Gy\u0171jtem\u00e9nyben \u00e9s a szigetszentmikl\u00f3si temet\u0151ben is sz\u00e1mos sz\u00edv alak\u00fa s\u00edrk\u0151 l\u00e1that\u00f3. Magyarorsz\u00e1gon v\u00e1rosunkon k\u00edv\u00fcl Balatonudvariban tal\u00e1lhat\u00f3 m\u00e9g hasonl\u00f3 s\u00edrk\u00f6vekkel temet\u0151 &#8211; vajon volt kapcsolat a k\u00e9t telep\u00fcl\u00e9s k\u00f6z\u00f6tt?<\/p>\n<\/div><\/div><\/div>\n\n\n\n<div class=\"wp-block-kadence-pane kt-accordion-pane kt-accordion-pane-4 kt-pane2444_e50b7e-68\"><div class=\"kt-accordion-header-wrap\"><button class=\"kt-blocks-accordion-header kt-acccordion-button-label-show\" type=\"button\"><span class=\"kt-blocks-accordion-title-wrap\"><span class=\"kt-blocks-accordion-title\">Szigetszentmikl\u00f3si k\u00e9kk\u00f6t\u00e9ny<\/span><\/span><span class=\"kt-blocks-accordion-icon-trigger\"><\/span><\/button><\/div><div class=\"kt-accordion-panel kt-accordion-panel-hidden\"><div class=\"kt-accordion-panel-inner\">\n<p>A szigetszentmikl\u00f3si gazd\u00e1k jellegzetes viselete. A k\u00e9kfest\u0151 v\u00e1szonb\u00f3l k\u00e9sz\u00fclt, feh\u00e9r h\u00edmzett monogrammal ell\u00e1tott k\u00f6t\u00e9ny egyszerre volt a mindennapok piszk\u00e1t\u00f3l v\u00e9d\u0151 \u00f6lt\u00f6zet \u00e9s st\u00e1tuszszimb\u00f3lum is &#8211; a f\u00e9rfiak szinte nem is mentek utc\u00e1ra e ruhadarab n\u00e9lk\u00fcl.<\/p>\n<\/div><\/div><\/div>\n\n\n\n<div class=\"wp-block-kadence-pane kt-accordion-pane kt-accordion-pane-5 kt-pane2444_bd1182-35\"><div class=\"kt-accordion-header-wrap\"><button class=\"kt-blocks-accordion-header kt-acccordion-button-label-show\" type=\"button\"><span class=\"kt-blocks-accordion-title-wrap\"><span class=\"kt-blocks-accordion-title\">Kardos Istv\u00e1n \u00e9s a napl\u00f3ja<\/span><\/span><span class=\"kt-blocks-accordion-icon-trigger\"><\/span><\/button><\/div><div class=\"kt-accordion-panel kt-accordion-panel-hidden\"><div class=\"kt-accordion-panel-inner\">\n<p>Szigetszentmikl\u00f3s els\u0151 olyan tan\u00edt\u00f3ja, aki \u00e9vtizedekig szolg\u00e1lt a faluban, \u00e9s maradand\u00f3t alkotott. 1848-49-ben a falu nemzet\u0151reit csat\u00e1ba vezette a szabads\u00e1gharcban, tan\u00edt\u00f3k\u00e9nt pedig tank\u00f6nyvet \u00edrt, \u00e9s gondozta a telep\u00fcl\u00e9sen \u00e9l\u0151 gyerekeket. H\u00e1romk\u00f6tetes memo\u00e1rja rendk\u00edv\u00fcl \u00e9rdekes forr\u00e1s Szigetszentmikl\u00f3s 19. sz\u00e1zadi \u00e9let\u00e9re vonatkoz\u00f3an.<\/p>\n<\/div><\/div><\/div>\n\n\n\n<div class=\"wp-block-kadence-pane kt-accordion-pane kt-accordion-pane-6 kt-pane2444_78defc-fe\"><div class=\"kt-accordion-header-wrap\"><button class=\"kt-blocks-accordion-header kt-acccordion-button-label-show\" type=\"button\"><span class=\"kt-blocks-accordion-title-wrap\"><span class=\"kt-blocks-accordion-title\">B\u00edr\u00f3 Lajos<\/span><\/span><span class=\"kt-blocks-accordion-icon-trigger\"><\/span><\/button><\/div><div class=\"kt-accordion-panel kt-accordion-panel-hidden\"><div class=\"kt-accordion-panel-inner\">\n<p>Az entomol\u00f3gus B\u00edr\u00f3 Lajos 1896 \u00e9s 1902 k\u00f6z\u00f6tt N\u00e9met-\u00daj-Guine\u00e1ban v\u00e9gzett term\u00e9szetrajzi \u00e9s etnogr\u00e1fiai gy\u0171jt\u00e9st. Az \u00e1ltala gy\u0171jt\u00f6tt mintegy 5600 n\u00e9prajzi t\u00e1rgy a budapesti N\u00e9prajzi M\u00fazeum \u00d3ce\u00e1nia-gy\u0171jtem\u00e9ny\u00e9nek legnagyobb algy\u0171jtem\u00e9nye, amely korais\u00e1ga mellett a pontos \u00e9s r\u00e9szletes feljegyz\u00e9sek, a k\u00e9ziratos hagyat\u00e9k, valamint a fot\u00f3k nagy sz\u00e1ma miatt nemzetk\u00f6zileg is egyed\u00fcl\u00e1ll\u00f3nak sz\u00e1m\u00edt. Id\u0151s kor\u00e1ban Szigetszentmikl\u00f3son telepedett le, R\u00e1k\u00f3czi utc\u00e1ban ma is \u00e1ll\u00f3 h\u00e1za fal\u00e1n eml\u00e9kt\u00e1bla \u0151rzi a nev\u00e9t.<\/p>\n<\/div><\/div><\/div>\n\n\n\n<div class=\"wp-block-kadence-pane kt-accordion-pane kt-accordion-pane-7 kt-pane2444_c38038-85\"><div class=\"kt-accordion-header-wrap\"><button class=\"kt-blocks-accordion-header kt-acccordion-button-label-show\" type=\"button\"><span class=\"kt-blocks-accordion-title-wrap\"><span class=\"kt-blocks-accordion-title\">A Hal\u00e1szkert<\/span><\/span><span class=\"kt-blocks-accordion-icon-trigger\"><\/span><\/button><\/div><div class=\"kt-accordion-panel kt-accordion-panel-hidden\"><div class=\"kt-accordion-panel-inner\">\n<p>A Hal\u00e1szkert \u00e9s vele az \u00c1rp\u00e1d-strand Szigetszentmikl\u00f3s legend\u00e1s k\u00f6z\u00f6ss\u00e9gi tere volt a 20. sz\u00e1zad m\u00e1sodik fel\u00e9ben. Ma m\u00e1r csup\u00e1n n\u00e9h\u00e1ny betont\u00f6mb eml\u00e9keztet a n\u00e9hai sz\u00f3rakoz\u00f3helyre a Kis-Duna partj\u00e1n, \u00e1m a sz\u00e1mtalan f\u00e9nyk\u00e9p \u00e9s szem\u00e9lyes visszaeml\u00e9kez\u00e9s alapj\u00e1n nagyon izgalmas k\u00e9p rajzol\u00f3dik ki a hely hangulat\u00e1r\u00f3l &#8211; t\u00f6bbek k\u00f6z\u00f6tt itt l\u00e9pett fel el\u0151sz\u00f6r a legend\u00e1s P\u00e1l Utcai Fi\u00fak egy\u00fcttes.<\/p>\n<\/div><\/div><\/div>\n\n\n\n<div class=\"wp-block-kadence-pane kt-accordion-pane kt-accordion-pane-8 kt-pane2444_d65459-fa\"><div class=\"kt-accordion-header-wrap\"><button class=\"kt-blocks-accordion-header kt-acccordion-button-label-show\" type=\"button\"><span class=\"kt-blocks-accordion-title-wrap\"><span class=\"kt-blocks-accordion-title\">Sz\u00e9kely Mikl\u00f3s V\u00e1rosi K\u00f3rus<\/span><\/span><span class=\"kt-blocks-accordion-icon-trigger\"><\/span><\/button><\/div><div class=\"kt-accordion-panel kt-accordion-panel-hidden\"><div class=\"kt-accordion-panel-inner\">\n<p>Az id\u00e9n 25 \u00e9ves Sz\u00e9kely Mikl\u00f3s V\u00e1rosi K\u00f3rus a helyi esem\u00e9nyek elmaradhatatlan fell\u00e9p\u0151je. A n\u00e9pes k\u00f3rus a kezdetekt\u0151l fogva igazi k\u00f6z\u00f6ss\u00e9g, melynek tagjai a v\u00e1ros k\u00f6z\u00f6ss\u00e9gi \u00e9let\u00e9nek oszlopos tagjai. N\u00e9vad\u00f3ja els\u0151 karnagya, aki k\u00f3rusvezet\u0151i feladatai mellett \u00c1d\u00e1m Jen\u0151 hagyat\u00e9k\u00e1nak tudom\u00e1nyos feldolgoz\u00e1s\u00e1t is v\u00e9gezte.<\/p>\n<\/div><\/div><\/div>\n\n\n\n<div class=\"wp-block-kadence-pane kt-accordion-pane kt-accordion-pane-9 kt-pane2444_3a6079-67\"><div class=\"kt-accordion-header-wrap\"><button class=\"kt-blocks-accordion-header kt-acccordion-button-label-show\" type=\"button\"><span class=\"kt-blocks-accordion-title-wrap\"><span class=\"kt-blocks-accordion-title\">M\u00e1t\u00e9 J\u00e1nos Reform\u00e1tus K\u00f3rus<\/span><\/span><span class=\"kt-blocks-accordion-icon-trigger\"><\/span><\/button><\/div><div class=\"kt-accordion-panel kt-accordion-panel-hidden\"><div class=\"kt-accordion-panel-inner\">\n<p>Ez a k\u00f3rus \u00e9vtizedek \u00f3ta v\u00e9gzi a Kossuth utcai Reform\u00e1tus Egyh\u00e1zk\u00f6zs\u00e9g szolg\u00e1lat\u00e1t, de sz\u00e1mos alkalommal voltak fell\u00e9p\u00e9seik az orsz\u00e1g k\u00fcl\u00f6nb\u00f6z\u0151 pontjain. N\u00e9vad\u00f3ja, M\u00e1t\u00e9 J\u00e1nos neves reform\u00e1tus orgonista.<\/p>\n<\/div><\/div><\/div>\n\n\n\n<div class=\"wp-block-kadence-pane kt-accordion-pane kt-accordion-pane-10 kt-pane2444_9070fa-df\"><div class=\"kt-accordion-header-wrap\"><button class=\"kt-blocks-accordion-header kt-acccordion-button-label-show\" type=\"button\"><span class=\"kt-blocks-accordion-title-wrap\"><span class=\"kt-blocks-accordion-title\">Napraforg\u00f3k N\u00e9pt\u00e1nccsoport<\/span><\/span><span class=\"kt-blocks-accordion-icon-trigger\"><\/span><\/button><\/div><div class=\"kt-accordion-panel kt-accordion-panel-hidden\"><div class=\"kt-accordion-panel-inner\">\n<p>A Napraforg\u00f3k N\u00e9pt\u00e1nccsoport 2008 janu\u00e1rj\u00e1ban alakult a J\u00f3zsef Attila \u00c1ltal\u00e1nos iskol\u00e1ban Szigetszentmikl\u00f3son. A helyi rendezv\u00e9nyek elmaradhatatlan fell\u00e9p\u0151i, de nemzetk\u00f6zi t\u00e9ren is sz\u00e1mtalan alkalommal is bemutatkoztak m\u00e1r.<\/p>\n<\/div><\/div><\/div>\n\n\n\n<div class=\"wp-block-kadence-pane kt-accordion-pane kt-accordion-pane-20 kt-pane2444_39d0ed-d8\"><div class=\"kt-accordion-header-wrap\"><button class=\"kt-blocks-accordion-header kt-acccordion-button-label-show\" type=\"button\"><span class=\"kt-blocks-accordion-title-wrap\"><span class=\"kt-blocks-accordion-title\">M\u00e9zeskal\u00e1cs N\u00e9pt\u00e1ncegy\u00fcttes<\/span><\/span><span class=\"kt-blocks-accordion-icon-trigger\"><\/span><\/button><\/div><div class=\"kt-accordion-panel kt-accordion-panel-hidden\"><div class=\"kt-accordion-panel-inner\">\n<p>A Kardos Istv\u00e1n \u00c1ltal\u00e1nos Iskola \u00e9s Gimn\u00e1zium n\u00e9pt\u00e1nccsoportja volt, mely \u00e9vtizedek kereszt\u00fcl fontos szerepl\u0151je volt a v\u00e1rosi rendezv\u00e9nyeknek, emellett nemzetk\u00f6zi sz\u00ednt\u00e9ren is vitte a magyar n\u00e9pt\u00e1nc h\u00edrnev\u00e9t.<\/p>\n<\/div><\/div><\/div>\n\n\n\n<div class=\"wp-block-kadence-pane kt-accordion-pane kt-accordion-pane-11 kt-pane2444_3dc7e6-51\"><div class=\"kt-accordion-header-wrap\"><button class=\"kt-blocks-accordion-header kt-acccordion-button-label-show\" type=\"button\"><span class=\"kt-blocks-accordion-title-wrap\"><span class=\"kt-blocks-accordion-title\">Gere P\u00e9ks\u00e9g<\/span><\/span><span class=\"kt-blocks-accordion-icon-trigger\"><\/span><\/button><\/div><div class=\"kt-accordion-panel kt-accordion-panel-hidden\"><div class=\"kt-accordion-panel-inner\">\n<p>1936-ban alap\u00edtotta Gere Istv\u00e1n p\u00e9k, akkor m\u00e9g els\u0151sorban a falusi asszonyok sz\u00e1m\u00e1ra biztos\u00edtva a keny\u00e9rs\u00fct\u00e9s lehet\u0151s\u00e9get. Az az\u00f3ta elm\u00falt \u00e9vtizedek alatt a folyamatos fejl\u0151d\u00e9snek k\u00f6sz\u00f6nhet\u0151en m\u00e1ra az orsz\u00e1g sz\u00e1mos pontj\u00e1n jelenlev\u0151 h\u00e1l\u00f3zatt\u00e1 n\u0151tte ki mag\u00e1t. A p\u00e9ks\u00e9g m\u00e1ig a t\u0151sgy\u00f6keres szigetszentmikl\u00f3si csal\u00e1d tulajdon\u00e1ban van.<\/p>\n<\/div><\/div><\/div>\n\n\n\n<div class=\"wp-block-kadence-pane kt-accordion-pane kt-accordion-pane-12 kt-pane2444_20e8c9-31\"><div class=\"kt-accordion-header-wrap\"><button class=\"kt-blocks-accordion-header kt-acccordion-button-label-show\" type=\"button\"><span class=\"kt-blocks-accordion-title-wrap\"><span class=\"kt-blocks-accordion-title\">Szab\u00f3 Malom<\/span><\/span><span class=\"kt-blocks-accordion-icon-trigger\"><\/span><\/button><\/div><div class=\"kt-accordion-panel kt-accordion-panel-hidden\"><div class=\"kt-accordion-panel-inner\">\n<p>A malom eredeti hely\u00e9n, r\u00e9szben az eredeti g\u00e9pekkel m\u0171k\u00f6dik Szigetszentmikl\u00f3s k\u00f6zpontj\u00e1hoz k\u00f6zel 1919 \u00f3ta. Az izgalmas t\u00f6rt\u00e9net\u0171 malom ma is a j\u00f3 min\u0151s\u00e9g\u0171 liszt lel\u0151helye: adal\u00e9kmentes lisztjeik mai napig az eredeti technol\u00f3gi\u00e1val k\u00e9sz\u00fclnek, r\u00e1ad\u00e1sul ma is az alap\u00edt\u00f3 csal\u00e1d tulajdon\u00e1ban van. Mindenk\u00e9pp \u00e9rdemes ell\u00e1togatni, megtekinteni a malom m\u0171k\u00f6d\u00e9s\u00e9t!<\/p>\n<\/div><\/div><\/div>\n\n\n\n<div class=\"wp-block-kadence-pane kt-accordion-pane kt-accordion-pane-13 kt-pane2444_b1aec2-da\"><div class=\"kt-accordion-header-wrap\"><button class=\"kt-blocks-accordion-header kt-acccordion-button-label-show\" type=\"button\"><span class=\"kt-blocks-accordion-title-wrap\"><span class=\"kt-blocks-accordion-title\">V\u00f6\u0151 Imre helyt\u00f6rt\u00e9n\u00e9sz \u00e9lete \u00e9s munk\u00e1ss\u00e1ga<\/span><\/span><span class=\"kt-blocks-accordion-icon-trigger\"><\/span><\/button><\/div><div class=\"kt-accordion-panel kt-accordion-panel-hidden\"><div class=\"kt-accordion-panel-inner\">\n<p>Ha valaki Szigetszentmikl\u00f3s t\u00f6rt\u00e9nelm\u00e9re k\u00edv\u00e1ncsi, V\u00f6\u0151 Imre b\u00e1csi munk\u00e1ss\u00e1ga megker\u00fclhetetlen. 1962-t\u0151l 2018-ban bek\u00f6vetkezett hal\u00e1l\u00e1ig szorgalmasan gy\u0171jt\u00f6tte a v\u00e1ros t\u00f6rt\u00e9net\u00e9nek eml\u00e9keit, \u00e9s f\u00e9nyk\u00e9pezte a telep\u00fcl\u00e9s fejl\u0151d\u00e9s\u00e9t. A kommunista diktat\u00fara az ellens\u00e9gek\u00e9nt megb\u00e9lyegezte: soha nem tanulhatott, nem v\u00e1lhatott bel\u0151le t\u00f6rt\u00e9n\u00e9sz &#8211; a Csepel Aut\u00f3gy\u00e1rban v\u00e9gzett k\u00e9tkezi munk\u00e1t, ami mellett szabadidej\u00e9ben foglalkozott a falu t\u00f6rt\u00e9nelm\u00e9vel. Hagyat\u00e9k\u00e1t nagyr\u00e9szt a csal\u00e1d \u0151rzi, de f\u00e9nyk\u00e9pei \u00e9s sz\u00e1mos dokumentum a Helyt\u00f6rt\u00e9neti Gy\u0171jtem\u00e9nyben tal\u00e1lhat\u00f3.<\/p>\n<\/div><\/div><\/div>\n\n\n\n<div class=\"wp-block-kadence-pane kt-accordion-pane kt-accordion-pane-14 kt-pane2444_8be415-2c\"><div class=\"kt-accordion-header-wrap\"><button class=\"kt-blocks-accordion-header kt-acccordion-button-label-show\" type=\"button\"><span class=\"kt-blocks-accordion-title-wrap\"><span class=\"kt-blocks-accordion-title\">Simon Albert helyt\u00f6rt\u00e9n\u00e9sz \u00e9lete \u00e9s munk\u00e1ss\u00e1ga<\/span><\/span><span class=\"kt-blocks-accordion-icon-trigger\"><\/span><\/button><\/div><div class=\"kt-accordion-panel kt-accordion-panel-hidden\"><div class=\"kt-accordion-panel-inner\">\n<p>Simon Albert t\u0151s-gy\u00f6keres szigetszentmikl\u00f3sik\u00e9nt foglalkozott a v\u00e1ros m\u00faltj\u00e1val. A Honismereti Szakk\u00f6r eln\u00f6kek\u00e9nt szenved\u00e9lyesen gy\u0171jt\u00f6tte a falu t\u00f6rt\u00e9net\u00e9nek forr\u00e1sait, melyeket \u00f6sszegy\u0171jtve Szigetszentmikl\u00f3s t\u00f6rt\u00e9nete a kezdetekt\u0151l 1945-ig c\u00edm\u0171 munk\u00e1j\u00e1ban adott k\u00f6zre, ami ma a v\u00e1ros t\u00f6rt\u00e9net\u00e9nek k\u00f6nnyen hozz\u00e1f\u00e9rhet\u0151 alapm\u0171ve.<\/p>\n<\/div><\/div><\/div>\n\n\n\n<div class=\"wp-block-kadence-pane kt-accordion-pane kt-accordion-pane-15 kt-pane2444_0af2e1-ff\"><div class=\"kt-accordion-header-wrap\"><button class=\"kt-blocks-accordion-header kt-acccordion-button-label-show\" type=\"button\"><span class=\"kt-blocks-accordion-title-wrap\"><span class=\"kt-blocks-accordion-title\">Imre Moln\u00e1r Zither Collection<\/span><\/span><span class=\"kt-blocks-accordion-icon-trigger\"><\/span><\/button><\/div><div class=\"kt-accordion-panel kt-accordion-panel-hidden\"><div class=\"kt-accordion-panel-inner\">\n<p>Since 1998, the unique collection of zithers has been on display in the building of the City Library and Community Centre (V\u00e1rosi K\u00f6nyvt\u00e1r \u00e9s K\u00f6z\u00f6ss\u00e9gi H\u00e1z)  in Szigetszentmikl\u00f3s. The pieces were donated to the town by the renowned zither maker Imre Moln\u00e1r. The exhibition, consisting of more than a hundred pieces, which is constantly expanding, showcases the development of the traditional Hungarian instrument and its foreign relatives.<\/p>\n<\/div><\/div><\/div>\n\n\n\n<div class=\"wp-block-kadence-pane kt-accordion-pane kt-accordion-pane-16 kt-pane2444_356396-16\"><div class=\"kt-accordion-header-wrap\"><button class=\"kt-blocks-accordion-header kt-acccordion-button-label-show\" type=\"button\"><span class=\"kt-blocks-accordion-title-wrap\"><span class=\"kt-blocks-accordion-title\">N\u00e1dasdy Filmsz\u00ednh\u00e1z<\/span><\/span><span class=\"kt-blocks-accordion-icon-trigger\"><\/span><\/button><\/div><div class=\"kt-accordion-panel kt-accordion-panel-hidden\"><div class=\"kt-accordion-panel-inner\">\n<p>A Szil\u00e1gyi Lajos utc\u00e1ban tal\u00e1lhat\u00f3 mozit az 1940-es \u00e9vekben nyitotta meg N\u00e1dasdy J\u00e1nos fest\u0151m\u0171v\u00e9sz a feles\u00e9g\u00e9vel, Kat\u00f3 n\u00e9nivel. A mozi sorsa legal\u00e1bb olyan h\u00e1nyattatott volt, mint a csal\u00e1d\u00e9 &#8211; az id\u0151s fest\u0151m\u0171v\u00e9sz m\u00e9g meg\u00e9rhette, amikor a rendszerv\u00e1lt\u00e1s ut\u00e1n fiai visszav\u00e1s\u00e1rolhatt\u00e1k az \u00e1llamt\u00f3l a k\u00e9t kez\u00fckkel fel\u00e9p\u00edtett mozi\u00e9p\u00fcletet. A mozi a filmvet\u00edt\u00e9sek mellett a szigetszentmikl\u00f3si kultur\u00e1lis \u00e9let fontos helysz\u00edne volt.<\/p>\n<\/div><\/div><\/div>\n\n\n\n<div class=\"wp-block-kadence-pane kt-accordion-pane kt-accordion-pane-17 kt-pane2444_0b68d4-c2\"><div class=\"kt-accordion-header-wrap\"><button class=\"kt-blocks-accordion-header kt-acccordion-button-label-show\" type=\"button\"><span class=\"kt-blocks-accordion-title-wrap\"><span class=\"kt-blocks-accordion-title\">F\u00e9nysz\u00f3r\u00f3 &#8211; A Csepel Aut\u00f3gy\u00e1r bels\u0151 \u00fajs\u00e1gja<\/span><\/span><span class=\"kt-blocks-accordion-icon-trigger\"><\/span><\/button><\/div><div class=\"kt-accordion-panel kt-accordion-panel-hidden\"><div class=\"kt-accordion-panel-inner\">\n<p>Nem egyedi, hogy egy nagy gy\u00e1r saj\u00e1t bels\u0151 lappal rendelkezzen. A F\u00e9nysz\u00f3r\u00f3 a Csepel Aut\u00f3gy\u00e1r mindennapjait \u00f6r\u00f6k\u00edtette meg: a munkaversenyeket, az \u00faj gy\u00e1rtm\u00e1nyokat, a hazai \u00e9s k\u00fclf\u00f6ldi sikereket, \u00e9s term\u00e9szetesen rengeteg szocialista propagand\u00e1t olvashattak a gy\u00e1r dolgoz\u00f3i. Ma is sokan \u00e9lnek, akik szerepelnek az \u00fajs\u00e1g lapjain, \u00e9s f\u00e9ltve \u0151rz\u00f6tt kincsk\u00e9nt tekintenek r\u00e1. <\/p>\n<\/div><\/div><\/div>\n\n\n\n<div class=\"wp-block-kadence-pane kt-accordion-pane kt-accordion-pane-18 kt-pane2444_884312-4d\"><div class=\"kt-accordion-header-wrap\"><button class=\"kt-blocks-accordion-header kt-acccordion-button-label-show\" type=\"button\"><span class=\"kt-blocks-accordion-title-wrap\"><span class=\"kt-blocks-accordion-title\">Insula Alkot\u00f3m\u0171v\u00e9szek Egyes\u00fclete<\/span><\/span><span class=\"kt-blocks-accordion-icon-trigger\"><\/span><\/button><\/div><div class=\"kt-accordion-panel kt-accordion-panel-hidden\"><div class=\"kt-accordion-panel-inner\">\n<p>Az Insula szigetszentmikl\u00f3si fest\u0151m\u0171v\u00e9szekb\u0151l \u00e1ll\u00f3 orsz\u00e1gos jelent\u0151s\u00e9g\u0171 m\u0171v\u00e9szk\u00f6z\u00f6ss\u00e9g, ami a mai napig m\u0171k\u00f6dik. Alap\u00edt\u00f3i, szellemi el\u0151dei N\u00e1dasdy J\u00e1nos \u00e9s Kocsis L\u00e1szl\u00f3 fest\u0151m\u0171v\u00e9szek, akiknek az alkot\u00e1sait nemzetk\u00f6zi szinten is jegyzik. Mostani tags\u00e1ga rendszeresen tart ki\u00e1ll\u00edt\u00e1sokat nem csak helyben, a V\u00e1rosi Gal\u00e9ri\u00e1ban, hanem szerte az orsz\u00e1gban.<\/p>\n<\/div><\/div><\/div>\n\n\n\n<div class=\"wp-block-kadence-pane kt-accordion-pane kt-accordion-pane-19 kt-pane2444_af1e9b-c8\"><div class=\"kt-accordion-header-wrap\"><button class=\"kt-blocks-accordion-header kt-acccordion-button-label-show\" type=\"button\"><span class=\"kt-blocks-accordion-title-wrap\"><span class=\"kt-blocks-accordion-title\">Magyar-Finn Bar\u00e1ti K\u00f6r Egyes\u00fclet<\/span><\/span><span class=\"kt-blocks-accordion-icon-trigger\"><\/span><\/button><\/div><div class=\"kt-accordion-panel kt-accordion-panel-hidden\"><div class=\"kt-accordion-panel-inner\">\n<p>V\u00e1rosunk m\u00e1ig egyik legk\u00fcl\u00f6nlegesebb civil szervezete, mely a rendszerv\u00e1lt\u00e1s ut\u00e1n els\u0151k\u00e9nt alakult meg. C\u00e9lja, hogy elm\u00e9ly\u00edtse a finn-magyar kapcsolatokat, \u00e1polja a k\u00e9t n\u00e9p rokons\u00e1g\u00e1t, \u00e9s hogy a lehet\u0151 legt\u00f6bbet tanuljunk egym\u00e1st\u00f3l a kult\u00fara ter\u00e9n. Az Egyes\u00fclet munk\u00e1j\u00e1nak k\u00f6sz\u00f6nhet\u0151 Haukipudas\/Ouluval val\u00f3 testv\u00e9rv\u00e1rosi kapcsolatunk.<\/p>\n<\/div><\/div><\/div>\n<\/div><\/div><\/div>\n\n\n\n<hr class=\"wp-block-separator has-alpha-channel-opacity\"\/>\n\n\n\n<h2 class=\"wp-block-heading\" id=\"3-id%C5%91pontok\">Id\u0151pontok<\/h2>\n\n\n\n<p>Jelentkez\u00e9si hat\u00e1rid\u0151: 2025. okt\u00f3ber 15.<br>P\u00e1lyamunk\u00e1k lead\u00e1s\u00e1nak hat\u00e1rideje: 2025. november 14.<br>Telep\u00fcl\u00e9si \u00c9rt\u00e9kt\u00e1r Bizotts\u00e1g d\u00edsz\u00fcl\u00e9s &#8211; bemutat\u00f3 \u00e9s d\u00edj\u00e1tad\u00f3: 2025. november 22.<br>Tanulm\u00e1nyi kir\u00e1ndul\u00e1s: 2025. november 23.<\/p>\n\n\n<style>.wp-block-kadence-advancedbtn.kb-btns2444_c1f3a1-22{gap:var(--global-kb-gap-xs, 0.5rem );justify-content:center;align-items:center;}.kt-btns2444_c1f3a1-22 .kt-button{font-weight:normal;font-style:normal;}.kt-btns2444_c1f3a1-22 .kt-btn-wrap-0{margin-right:5px;}.wp-block-kadence-advancedbtn.kt-btns2444_c1f3a1-22 .kt-btn-wrap-0 .kt-button{color:#555555;border-color:#555555;}.wp-block-kadence-advancedbtn.kt-btns2444_c1f3a1-22 .kt-btn-wrap-0 .kt-button:hover, .wp-block-kadence-advancedbtn.kt-btns2444_c1f3a1-22 .kt-btn-wrap-0 .kt-button:focus{color:#ffffff;border-color:#444444;}.wp-block-kadence-advancedbtn.kt-btns2444_c1f3a1-22 .kt-btn-wrap-0 .kt-button::before{display:none;}.wp-block-kadence-advancedbtn.kt-btns2444_c1f3a1-22 .kt-btn-wrap-0 .kt-button:hover, .wp-block-kadence-advancedbtn.kt-btns2444_c1f3a1-22 .kt-btn-wrap-0 .kt-button:focus{background:#444444;}<\/style>\n<div class=\"wp-block-kadence-advancedbtn kb-buttons-wrap kb-btns2444_c1f3a1-22\"><style>ul.menu .wp-block-kadence-advancedbtn .kb-btn2444_319cf0-09.kb-button{width:initial;}@media all and (max-width: 1024px){.kb-btn2444_319cf0-09.kb-button .kb-svg-icon-wrap{display:block;}}<\/style><a class=\"kb-button kt-button button kb-btn2444_319cf0-09 kt-btn-size-standard kt-btn-width-type-auto kb-btn-global-inherit kt-btn-has-text-true kt-btn-has-svg-true wp-block-button__link wp-block-kadence-singlebtn\" href=\"https:\/\/miklosimuzeum.hu\/wp-content\/uploads\/2025\/09\/Ertektar-2025-plaki.jpg\" download=\"\"><span class=\"kt-btn-inner-text\">Plak\u00e1t (.jpg)<\/span><span class=\"kb-svg-icon-wrap kb-svg-icon-fe_download kt-btn-icon-side-right\"><svg viewbox=\"0 0 24 24\"  fill=\"none\" stroke=\"currentColor\" stroke-width=\"2\" stroke-linecap=\"round\" stroke-linejoin=\"round\" xmlns=\"http:\/\/www.w3.org\/2000\/svg\"  aria-hidden=\"true\"><path d=\"M21 15v4a2 2 0 0 1-2 2H5a2 2 0 0 1-2-2v-4\"\/><polyline points=\"7 10 12 15 17 10\"\/><line x1=\"12\" y1=\"15\" x2=\"12\" y2=\"3\"\/><\/svg><\/span><\/a>\n\n<style>ul.menu .wp-block-kadence-advancedbtn .kb-btn2444_075d0e-65.kb-button{width:initial;}@media all and (max-width: 1024px){.kb-btn2444_075d0e-65.kb-button .kb-svg-icon-wrap{display:block;}}<\/style><a class=\"kb-button kt-button button kb-btn2444_075d0e-65 kt-btn-size-standard kt-btn-width-type-auto kb-btn-global-inherit kt-btn-has-text-true kt-btn-has-svg-true wp-block-button__link wp-block-kadence-singlebtn\" href=\"https:\/\/miklosimuzeum.hu\/wp-content\/uploads\/2025\/09\/Palyazati-kiiras.pdf\" download=\"\"><span class=\"kt-btn-inner-text\">P\u00e1ly\u00e1zati ki\u00edr\u00e1s (.pdf)<\/span><span class=\"kb-svg-icon-wrap kb-svg-icon-fe_download kt-btn-icon-side-right\"><svg viewbox=\"0 0 24 24\"  fill=\"none\" stroke=\"currentColor\" stroke-width=\"2\" stroke-linecap=\"round\" stroke-linejoin=\"round\" xmlns=\"http:\/\/www.w3.org\/2000\/svg\"  aria-hidden=\"true\"><path d=\"M21 15v4a2 2 0 0 1-2 2H5a2 2 0 0 1-2-2v-4\"\/><polyline points=\"7 10 12 15 17 10\"\/><line x1=\"12\" y1=\"15\" x2=\"12\" y2=\"3\"\/><\/svg><\/span><\/a><\/div>\n\n\n\n<hr class=\"wp-block-separator has-alpha-channel-opacity\"\/>\n\n\n\n<h2 class=\"wp-block-heading\" id=\"4-jelentkez%C3%A9si-lap\">Kedves \u00e9rdekl\u0151d\u0151k!<\/h2>\n\n\n\n<p>A p\u00e1ly\u00e1zatra az \u00f6sszes t\u00e9ma elfogyott, \u00edgy a jelentkez\u00e9si fel\u00fcletet lez\u00e1rtuk! K\u00f6sz\u00f6nj\u00fck a t\u00e1mogat\u00e1st \u00e9s az \u00e9rdekl\u0151d\u00e9st!<\/p>","protected":false},"excerpt":{"rendered":"<p>P\u00e1ly\u00e1zati bemutat\u00f3 \u00e9s d\u00edj\u00e1tad\u00f3 Az \u00c9rt\u00e9keink Nyom\u00e1ban p\u00e1ly\u00e1zat november 22-\u00e9n z\u00e1rul! A szombati z\u00e1r\u00f3esem\u00e9ny, mely a szigetszentmikl\u00f3si Telep\u00fcl\u00e9si \u00c9rt\u00e9kt\u00e1r Bizotts\u00e1g ny\u00edlt \u00fcl\u00e9se lesz, a V\u00e1rosi K\u00f6nyvt\u00e1r \u00e9s K\u00f6z\u00f6ss\u00e9gi H\u00e1z sz\u00ednh\u00e1zterm\u00e9ben lesz. Szeretettel v\u00e1runk mindenkit, aki \u00e9rdekl\u0151dik Szigetszentmikl\u00f3s m\u00faltja, jelene \u00e9s \u00e9rt\u00e9kei ir\u00e1nt! Helysz\u00edn: V\u00e1rosi K\u00f6nyvt\u00e1r \u00e9s K\u00f6z\u00f6ss\u00e9gi H\u00e1z, sz\u00ednh\u00e1zterem Id\u0151pont: 2025. november 22. szombat, 9.00 [&hellip;]<\/p>","protected":false},"author":1,"featured_media":2464,"parent":0,"menu_order":0,"comment_status":"closed","ping_status":"closed","template":"","meta":{"ub_ctt_via":"","ocean_post_layout":"","ocean_both_sidebars_style":"","ocean_both_sidebars_content_width":0,"ocean_both_sidebars_sidebars_width":0,"ocean_sidebar":"","ocean_second_sidebar":"","ocean_disable_margins":"enable","ocean_add_body_class":"","ocean_shortcode_before_top_bar":"","ocean_shortcode_after_top_bar":"","ocean_shortcode_before_header":"","ocean_shortcode_after_header":"","ocean_has_shortcode":"","ocean_shortcode_after_title":"","ocean_shortcode_before_footer_widgets":"","ocean_shortcode_after_footer_widgets":"","ocean_shortcode_before_footer_bottom":"","ocean_shortcode_after_footer_bottom":"","ocean_display_top_bar":"default","ocean_display_header":"on","ocean_header_style":"","ocean_center_header_left_menu":"","ocean_custom_header_template":"","ocean_custom_logo":0,"ocean_custom_retina_logo":0,"ocean_custom_logo_max_width":0,"ocean_custom_logo_tablet_max_width":0,"ocean_custom_logo_mobile_max_width":0,"ocean_custom_logo_max_height":0,"ocean_custom_logo_tablet_max_height":0,"ocean_custom_logo_mobile_max_height":0,"ocean_header_custom_menu":"","ocean_menu_typo_font_family":"","ocean_menu_typo_font_subset":"","ocean_menu_typo_font_size":0,"ocean_menu_typo_font_size_tablet":0,"ocean_menu_typo_font_size_mobile":0,"ocean_menu_typo_font_size_unit":"px","ocean_menu_typo_font_weight":"","ocean_menu_typo_font_weight_tablet":"","ocean_menu_typo_font_weight_mobile":"","ocean_menu_typo_transform":"","ocean_menu_typo_transform_tablet":"","ocean_menu_typo_transform_mobile":"","ocean_menu_typo_line_height":0,"ocean_menu_typo_line_height_tablet":0,"ocean_menu_typo_line_height_mobile":0,"ocean_menu_typo_line_height_unit":"","ocean_menu_typo_spacing":0,"ocean_menu_typo_spacing_tablet":0,"ocean_menu_typo_spacing_mobile":0,"ocean_menu_typo_spacing_unit":"","ocean_menu_link_color":"","ocean_menu_link_color_hover":"","ocean_menu_link_color_active":"","ocean_menu_link_background":"","ocean_menu_link_hover_background":"","ocean_menu_link_active_background":"","ocean_menu_social_links_bg":"","ocean_menu_social_hover_links_bg":"","ocean_menu_social_links_color":"","ocean_menu_social_hover_links_color":"","ocean_disable_title":"default","ocean_disable_heading":"enable","ocean_post_title":"\u00c9rt\u00e9keink nyom\u00e1ban","ocean_post_subheading":"P\u00e1ly\u00e1zat a szigetszentmikl\u00f3si Telep\u00fcl\u00e9si \u00c9rt\u00e9kt\u00e1r b\u0151v\u00edt\u00e9s\u00e9re","ocean_post_title_style":"background-image","ocean_post_title_background_color":"","ocean_post_title_background":2445,"ocean_post_title_bg_image_position":"center center","ocean_post_title_bg_image_attachment":"","ocean_post_title_bg_image_repeat":"no-repeat","ocean_post_title_bg_image_size":"cover","ocean_post_title_height":0,"ocean_post_title_bg_overlay":0.5,"ocean_post_title_bg_overlay_color":"","ocean_disable_breadcrumbs":"default","ocean_breadcrumbs_color":"","ocean_breadcrumbs_separator_color":"","ocean_breadcrumbs_links_color":"","ocean_breadcrumbs_links_hover_color":"","ocean_display_footer_widgets":"default","ocean_display_footer_bottom":"default","ocean_custom_footer_template":"","footnotes":""},"class_list":["post-2444","page","type-page","status-publish","has-post-thumbnail","hentry","entry","has-media"],"featured_image_src":"https:\/\/miklosimuzeum.hu\/wp-content\/uploads\/2025\/09\/Ertektar-fb-post.jpg","rttpg_featured_image_url":{"full":["https:\/\/miklosimuzeum.hu\/wp-content\/uploads\/2025\/09\/Ertektar-fb-post.jpg",1081,1081,false],"landscape":["https:\/\/miklosimuzeum.hu\/wp-content\/uploads\/2025\/09\/Ertektar-fb-post.jpg",1081,1081,false],"portraits":["https:\/\/miklosimuzeum.hu\/wp-content\/uploads\/2025\/09\/Ertektar-fb-post.jpg",1081,1081,false],"thumbnail":["https:\/\/miklosimuzeum.hu\/wp-content\/uploads\/2025\/09\/Ertektar-fb-post-150x150.jpg",150,150,true],"medium":["https:\/\/miklosimuzeum.hu\/wp-content\/uploads\/2025\/09\/Ertektar-fb-post-300x300.jpg",300,300,true],"large":["https:\/\/miklosimuzeum.hu\/wp-content\/uploads\/2025\/09\/Ertektar-fb-post.jpg",1081,1081,false],"1536x1536":["https:\/\/miklosimuzeum.hu\/wp-content\/uploads\/2025\/09\/Ertektar-fb-post.jpg",1081,1081,false],"2048x2048":["https:\/\/miklosimuzeum.hu\/wp-content\/uploads\/2025\/09\/Ertektar-fb-post.jpg",1081,1081,false],"trp-custom-language-flag":["https:\/\/miklosimuzeum.hu\/wp-content\/uploads\/2025\/09\/Ertektar-fb-post-12x12.jpg",12,12,true],"ocean-thumb-m":["https:\/\/miklosimuzeum.hu\/wp-content\/uploads\/2025\/09\/Ertektar-fb-post-600x600.jpg",600,600,true],"ocean-thumb-ml":["https:\/\/miklosimuzeum.hu\/wp-content\/uploads\/2025\/09\/Ertektar-fb-post-800x450.jpg",800,450,true],"ocean-thumb-l":["https:\/\/miklosimuzeum.hu\/wp-content\/uploads\/2025\/09\/Ertektar-fb-post-1081x700.jpg",1081,700,true]},"rttpg_author":{"display_name":"Miss N\u00e1ndor","author_link":"https:\/\/miklosimuzeum.hu\/en\/author\/admin\/"},"rttpg_comment":0,"rttpg_category":null,"rttpg_excerpt":"P\u00e1ly\u00e1zati bemutat\u00f3 \u00e9s d\u00edj\u00e1tad\u00f3 Az \u00c9rt\u00e9keink Nyom\u00e1ban p\u00e1ly\u00e1zat november 22-\u00e9n z\u00e1rul! A szombati z\u00e1r\u00f3esem\u00e9ny, mely a szigetszentmikl\u00f3si Telep\u00fcl\u00e9si \u00c9rt\u00e9kt\u00e1r Bizotts\u00e1g ny\u00edlt \u00fcl\u00e9se lesz, a V\u00e1rosi K\u00f6nyvt\u00e1r \u00e9s K\u00f6z\u00f6ss\u00e9gi H\u00e1z sz\u00ednh\u00e1zterm\u00e9ben lesz. Szeretettel v\u00e1runk mindenkit, aki \u00e9rdekl\u0151dik Szigetszentmikl\u00f3s m\u00faltja, jelene \u00e9s \u00e9rt\u00e9kei ir\u00e1nt! Helysz\u00edn: V\u00e1rosi K\u00f6nyvt\u00e1r \u00e9s K\u00f6z\u00f6ss\u00e9gi H\u00e1z, sz\u00ednh\u00e1zterem Id\u0151pont: 2025. november 22. szombat, 9.00&hellip;","_links":{"self":[{"href":"https:\/\/miklosimuzeum.hu\/en\/wp-json\/wp\/v2\/pages\/2444","targetHints":{"allow":["GET"]}}],"collection":[{"href":"https:\/\/miklosimuzeum.hu\/en\/wp-json\/wp\/v2\/pages"}],"about":[{"href":"https:\/\/miklosimuzeum.hu\/en\/wp-json\/wp\/v2\/types\/page"}],"author":[{"embeddable":true,"href":"https:\/\/miklosimuzeum.hu\/en\/wp-json\/wp\/v2\/users\/1"}],"replies":[{"embeddable":true,"href":"https:\/\/miklosimuzeum.hu\/en\/wp-json\/wp\/v2\/comments?post=2444"}],"version-history":[{"count":10,"href":"https:\/\/miklosimuzeum.hu\/en\/wp-json\/wp\/v2\/pages\/2444\/revisions"}],"predecessor-version":[{"id":2510,"href":"https:\/\/miklosimuzeum.hu\/en\/wp-json\/wp\/v2\/pages\/2444\/revisions\/2510"}],"wp:featuredmedia":[{"embeddable":true,"href":"https:\/\/miklosimuzeum.hu\/en\/wp-json\/wp\/v2\/media\/2464"}],"wp:attachment":[{"href":"https:\/\/miklosimuzeum.hu\/en\/wp-json\/wp\/v2\/media?parent=2444"}],"curies":[{"name":"wp","href":"https:\/\/api.w.org\/{rel}","templated":true}]}}