{"id":1094,"date":"2022-08-24T15:39:30","date_gmt":"2022-08-24T15:39:30","guid":{"rendered":"https:\/\/miklosimuzeum.hu\/?page_id=1094"},"modified":"2023-03-25T08:29:52","modified_gmt":"2023-03-25T08:29:52","slug":"bibliografia","status":"publish","type":"page","link":"https:\/\/miklosimuzeum.hu\/en\/bibliografia\/","title":{"rendered":"Bibliography"},"content":{"rendered":"<p>Az oldalunkon tal\u00e1lhat\u00f3 cikkek, \u00edr\u00e1sok, f\u00e9nyk\u00e9pek (egy\u00e9b forr\u00e1smegjel\u00f6l\u00e9s h\u00edj\u00e1n) mind a Helyt\u00f6rt\u00e9neti Gy\u0171jtem\u00e9ny 1964. \u00f3ta halmoz\u00f3d\u00f3 \u00edr\u00e1sos \u00e9s f\u00e9nyk\u00e9pes anyag\u00e1b\u00f3l sz\u00e1rmaznak. A Gy\u0171jtem\u00e9nyhez kapcsol\u00f3d\u00f3 szem\u00e9lyek az \u00e9lm\u00falt \u00e9vtizedekben a Szigetszentmikl\u00f3shoz k\u00f6thet\u0151 adatokat sz\u00e1mos form\u00e1ban megjelen\u00edtett\u00e9k, feldolgozt\u00e1k. A Helyt\u00f6rt\u00e9neti Gy\u0171jtem\u00e9nyben \u0151rz\u00f6tt kultur\u00e1lis javak a 47\/2001. (III. 27.) korm\u00e1nyrendelet \u00e9rtelm\u00e9ben kutathat\u00f3k, ennek megk\u00f6nny\u00edt\u00e9se \u00e9rdek\u00e9ben igyekezt\u00fcnk \u00f6sszegy\u0171jteni azokat a kiadv\u00e1nyokat, melyek v\u00e1rosunk t\u00f6rt\u00e9net\u00e9vel kapcsolatos inform\u00e1ci\u00f3kat tartalmaznak. A k\u00f6tetek megtal\u00e1lhat\u00f3k a Helyt\u00f6rt\u00e9neti Gy\u0171jtem\u00e9nyben \u00e9s a V\u00e1rosi K\u00f6nyvt\u00e1rban is.<\/p>\n\n\n\n<h2 class=\"wp-block-heading\">Szigetszentmikl\u00f3sr\u00f3l sz\u00f3l\u00f3 kiadv\u00e1nyok:<\/h2>\n\n\n\n<p>Simon Albert: Szigetszentmikl\u00f3s t\u00f6rt\u00e9nete a kezdetekt\u0151l 1945-ig. Szigetszentmikl\u00f3s V\u00e1ros \u00d6nkorm\u00e1nyzata, Szigetszentmikl\u00f3s, 2013.<\/p>\n\n\n\n<p>Simon Albert: Szigetszentmikl\u00f3s k\u00f6z\u00e9pkori kr\u00f3nik\u00e1ja. V\u00e1rosi K\u00f6nyvt\u00e1r, Szigetszentmikl\u00f3s, 1996.<\/p>\n\n\n\n<p>Heged\u0171s Attila: Szigetszentmikl\u00f3s t\u00f6rt\u00e9nete \u2013 Ezer \u00e9v visszatekint\u00e9se. Szigetszentmikl\u00f3s V\u00e1ros \u00d6nkorm\u00e1nyzata, Szigetszentmikl\u00f3s, 2008.<\/p>\n\n\n\n<p>Munka vil\u00e1ga Szigetszentmikl\u00f3son. A KMOP-5.1.1\/B-12-k-2012-005 \u201eH\u00edd a gener\u00e1ci\u00f3k k\u00f6z\u00f6tt\u201d \u2013 \u201eA szigetszentmikl\u00f3si J\u00f3zsef Attila lak\u00f3telep szoci\u00e1lis c\u00e9l\u00fa rehabilit\u00e1ci\u00f3ja\u201d c\u00edm\u0171 p\u00e1ly\u00e1zat kapcs\u00e1n k\u00e9sz\u00fclt kiadv\u00e1ny.<\/p>\n\n\n\n<p>R\u00e9g\u00e9szeti kutat\u00e1sok az M0 aut\u00f3p\u00e1lya nyomvonal\u00e1n II. Szerk.: Havassy P\u00e9ter \u00e9s Selmeczi L\u00e1szl\u00f3. Budapesti T\u00f6rt\u00e9neti M\u00fazeum, Budapest, 1992.<\/p>\n\n\n\n<p>Kalicz-Schreiber R\u00f3zsa: Bronzkori urnatemet\u0151 Szigetszentmikl\u00f3s hat\u00e1r\u00e1ban. R\u00e1ckevei M\u00fazeumi F\u00fczetek 2. \u00c1rp\u00e1d M\u00fazeum, R\u00e1ckeve, 1995.<\/p>\n\n\n\n<p>Moln\u00e1r Imre: A citer\u00e1r\u00f3l mindenkinek. Antol\u00f3gia Kiad\u00f3, Lakitelek, 2000.<\/p>\n\n\n\n<p>V\u00f6\u0151 Imre: Az egyletek m\u0171k\u00f6d\u00e9s Szigetszentmikl\u00f3son 1872-1949. Szigetszentmikl\u00f3s V\u00e1ros \u00d6nkorm\u00e1nyzata, Szigetszentmikl\u00f3s, 2010.<\/p>\n\n\n\n<p>Jubileumi \u00e9vk\u00f6nyv. Szerk.: Dr. Alm\u00e1si Mih\u00e1ly. A Magyarorsz\u00e1gi Baptista Egyh\u00e1z Szigetszentmikl\u00f3si Gy\u00fclekezet, Szigetszentmikl\u00f3s, 1996.<\/p>\n\n\n\n<p>Szigetszentmikl\u00f3s m\u00faltja \u2013 Szemelv\u00e9nyek a 750 \u00e9v t\u00f6rt\u00e9net\u00e9hez. Szabacsi Honismereti Egyes\u00fclet, Szigetszentmikl\u00f3s, 2012. A KMOP-5.1.1\/B-12-k-2012-005 \u201eH\u00edd a gener\u00e1ci\u00f3k k\u00f6z\u00f6tt\u201d \u2013 \u201eA szigetszentmikl\u00f3si J\u00f3zsef Attila lak\u00f3telep szoci\u00e1lis c\u00e9l\u00fa rehabilit\u00e1ci\u00f3ja\u201d c\u00edm\u0171 p\u00e1ly\u00e1zat kapcs\u00e1n k\u00e9sz\u00fclt kiadv\u00e1ny.<\/p>\n\n\n\n<p>Szentmikl\u00f3si k\u00e9pesk\u00f6nyv. Szab\u00f3 J\u00f3zsef mag\u00e1nkiad\u00e1sa, Szigetszentmikl\u00f3s, 2014.<\/p>\n\n\n\n<p>Dr. Pet\u0151 L\u00e1szl\u00f3: Szigetszentmikl\u00f3s. CEBA Kiad\u00f3, Budapest, 2001.<\/p>\n\n\n\n<h2 class=\"wp-block-heading\">Szigetszentmikl\u00f3si m\u0171v\u00e9szek kiadv\u00e1nyai:<\/h2>\n\n\n\n<p>Somogyi Gy\u00f6rgy: R\u00e9sz \u2013 Eg\u00e9sz, Patak K\u00e9pz\u0151m\u0171v\u00e9szeti Egyes\u00fclet, Szigetszentmikl\u00f3s, 2003<\/p>\n\n\n\n<h2 class=\"wp-block-heading\">Szigetszentmikl\u00f3st \u00e9rint\u0151 kiadv\u00e1nyok:<\/h2>\n\n\n\n<p>Magyarorsz\u00e1g t\u00f6rt\u00e9neti helys\u00e9gn\u00e9vt\u00e1ra \u2013 Pest-Pilis-Solt megye \u00e9s a Kiskuns\u00e1g (1773-1808). K\u00f6zponti Statisztikai Hivatal K\u00f6nyvt\u00e1r \u00e9s Dokument\u00e1ci\u00f3s Szolg\u00e1lat, Budapest, 1988.<\/p>\n\n\n\n<p>Fejezetek Pest megye t\u00f6rt\u00e9net\u00e9b\u0151l. Tanulm\u00e1nyok. Szerk.: Egey Tibor. Pest Megyei Lev\u00e9lt\u00e1r, Budapest, 1990.<\/p>\n\n\n\n<p>Petur L\u00e1szl\u00f3: Egyszem\u00e9lyes exped\u00edci\u00f3. M\u00f3ra, Budapest, 1963. (B\u00edr\u00f3 Lajos utaz\u00e1sai)<\/p>\n\n\n\n<p>Iratok Pest megye t\u00f6rt\u00e9net\u00e9hez. MSZMP Pest megyei Bizotts\u00e1ga, Pest megyei Tan\u00e1cs, Budapest, 1969.<\/p>\n\n\n\n<p>Tanulm\u00e1nyok a R\u00e1ckevei j\u00e1r\u00e1s m\u00faltj\u00e1b\u00f3l. R\u00e1ckeve, 1972.<\/p>\n\n\n\n<p>Horv\u00e1th Lajos: Pest megye v\u00e1rosi, k\u00f6zs\u00e9gi \u00e9s megyei pecs\u00e9tjei 1381-1876. Pest megyei lev\u00e9lt\u00e1ri f\u00fczetek 4. Pest megyei Lev\u00e9lt\u00e1r, 1982.<\/p>\n\n\n\n<p>Hajd\u00fa Mih\u00e1ly: A Csepel-sziget helynevei. Akad\u00e9miai Kiad\u00f3, Budapest, 1982.<\/p>\n\n\n\n<p>B\u00edr\u00f3 Lajos: Hat \u00e9v \u00daj-Guine\u00e1ban. Gondolat, Budapest, 1987.<\/p>\n\n\n\n<p>Ko\u00f3s Ferenc: Nevel\u00e9st\u00f6rt\u00e9neti tanulm\u00e1nyok. Kr\u00e9ta \u00e9s toll 1. Szigetszentmikl\u00f3s, 1996.<\/p>\n\n\n\n<p>R\u00e1ckeve k\u00e9pei 1896-1996. R\u00e1ckevei M\u00fazeumi F\u00fczetek 3. Szerk.: Fegy\u00f3 J\u00e1nos. Press-Print Kft., R\u00e1ckeve, 1996.<\/p>\n\n\n\n<p>Horv\u00e1th L\u00e1szl\u00f3: A soroks\u00e1ri Duna-\u00e1g. R\u00e1ckevei j\u00e1r\u00e1si f\u00fczetek 2. R\u00e1ckeve, 1968.<\/p>\n\n\n\n<p>Pataki Ferenc: Vihar a sziget k\u00f6r\u00fcl. R\u00e1ckevei j\u00e1r\u00e1si f\u00fczetek 1. R\u00e1ckeve, 1967.<\/p>\n\n\n\n<p>Farkas J\u00f3zsef: A r\u00e1ckeveij\u00e1r\u00e1s t\u00f6rt\u00e9nete 1918-19-ben. R\u00e1ckevei j\u00e1r\u00e1si f\u00fczetek 5. R\u00e1ckeve, 1969.<\/p>\n\n\n\n<p>Fegy\u00f3 J\u00e1nos: \u00darb\u00e9ri perek \u00e9s jobb\u00e1gyfelszabad\u00edt\u00e1s a r\u00e1ckevei j\u00e1r\u00e1sban. R\u00e1ckevei j\u00e1r\u00e1si f\u00fczetek 4. R\u00e1ckeve, 1968.<\/p>\n\n\n\n<p>Kov\u00e1cs J\u00f3zsef L\u00e1szl\u00f3 \u2013 Losonci Mikl\u00f3s: R\u00e1ckevei m\u0171eml\u00e9kek. R\u00e1ckevei j\u00e1r\u00e1si f\u00fczetek 3. R\u00e1ckeve, 1968.<\/p>\n\n\n\n<p>Magyarorsz\u00e1g megyei k\u00e9zik\u00f6nyvei. Oktinf\u00f3-Szeged Bt., Hatvan, 1997-2000.<\/p>\n\n\n\n<p>Juh\u00e1sz Erzs\u00e9bet, K \u2013 Keller L\u00e1szl\u00f3: Helyi\u00e9rdek\u0171 vas\u00fatunk. Bp.: Bp.-i V\u00e1rosv\u00e9d\u0151 Egyes. Grassalkovich K\u00f6re, 1998. (Soroks\u00e1ri f\u00fczetek; 2.)<\/p>\n\n\n\n<p>Pet\u0151 L\u00e1szl\u00f3: T\u00e1rsadalomf\u00f6ldrajzi tanulm\u00e1nyok. Kr\u00e9ta \u00e9s toll 2. Szigetszentmikl\u00f3s, 2000.<\/p>\n\n\n\n<h2 class=\"wp-block-heading\">\u00c1d\u00e1m Jen\u0151 bibliogr\u00e1fi\u00e1ja:<\/h2>\n\n\n\n<p>Bal\u00e1s Endre: \u00c9n \u00fcltettem a c\u00e9drusf\u00e1t. \u00c1d\u00e1m Jen\u0151 \u00e9lete, munk\u00e1ss\u00e1ga. \u00c1d\u00e1m Jen\u0151 Alap\u00edtv\u00e1ny, Szigetszentmikl\u00f3s, 1996.<\/p>\n\n\n\n<p>Az \u00e9nektan\u00edt\u00e1s t\u00f6rt\u00e9nete 1777-t\u0151l napjainkig. Tatab\u00e1nyai M\u00fazeum, Tatab\u00e1nya, 1996.<\/p>\n\n\n\n<p>\u00c1d\u00e1m Jen\u0151: A muzsik\u00e1r\u00f3l. Zenem\u0171kiad\u00f3 V\u00e1llalat, Budapest, 1954.<\/p>\n\n\n\n<p>Sz\u00e9kely Mikl\u00f3s: \u00c1d\u00e1m \u00e9s Kod\u00e1ly. Mag\u00e1nkiad\u00e1s, 2008.<\/p>\n\n\n\n<p>\u00c1d\u00e1m Jen\u0151: M\u00f3dszeres \u00e9nektan\u00edt\u00e1s a relat\u00edv szolmiz\u00e1ci\u00f3 alapj\u00e1n. Turul kiad\u00e1s, Budapest, 1944.<\/p>\n\n\n\n<h2 class=\"wp-block-heading\">A Csepel Aut\u00f3gy\u00e1r bibliogr\u00e1fi\u00e1ja:<\/h2>\n\n\n\n<p>Kov\u00e1ts Lajos: A Dunap Rep\u00fcl\u0151g\u00e9pgy\u00e1r Rt. t\u00f6rt\u00e9nete. \u00dczemt\u00f6rt\u00e9neti f\u00fczetek 11. Magyar T\u00f6rt\u00e9nelmi T\u00e1rsulat, \u00dczemt\u00f6rt\u00e9neti Szekci\u00f3, Budapest, 1985.<\/p>\n\n\n\n<p>H\u00e1rom \u00e9vtized \u2013 A Csepel Aut\u00f3gy\u00e1r r\u00f6vid t\u00f6rt\u00e9nete. Szerk.: Racsk\u00f3 Istv\u00e1n. Szigetszentmikl\u00f3s, 1979.<\/p>\n\n\n\n<p>A h\u00faszezredik. A Csepel Aut\u00f3gy\u00e1r \u00f6t esztendeje. Neh\u00e9zipari K\u00f6nyv- \u00e9s Foly\u00f3iratkiad\u00f3 V\u00e1llalat, Budapest, 1954.<\/p>\n\n\n\n<p>Sz\u00e9kely Mikl\u00f3s: \u00c1d\u00e1m Jen\u0151 \u00e9lete \u00e9s munk\u00e1ss\u00e1ga. P\u00fcski Kiad\u00f3 Kft., Budapest, 2000.<\/p>","protected":false},"excerpt":{"rendered":"<p>Az oldalunkon tal\u00e1lhat\u00f3 cikkek, \u00edr\u00e1sok, f\u00e9nyk\u00e9pek (egy\u00e9b forr\u00e1smegjel\u00f6l\u00e9s h\u00edj\u00e1n) mind a Helyt\u00f6rt\u00e9neti Gy\u0171jtem\u00e9ny 1964. \u00f3ta halmoz\u00f3d\u00f3 \u00edr\u00e1sos \u00e9s f\u00e9nyk\u00e9pes anyag\u00e1b\u00f3l sz\u00e1rmaznak. A Gy\u0171jtem\u00e9nyhez kapcsol\u00f3d\u00f3 szem\u00e9lyek az \u00e9lm\u00falt \u00e9vtizedekben a Szigetszentmikl\u00f3shoz k\u00f6thet\u0151 adatokat sz\u00e1mos form\u00e1ban megjelen\u00edtett\u00e9k, feldolgozt\u00e1k. A Helyt\u00f6rt\u00e9neti Gy\u0171jtem\u00e9nyben \u0151rz\u00f6tt kultur\u00e1lis javak a 47\/2001. (III. 27.) korm\u00e1nyrendelet \u00e9rtelm\u00e9ben kutathat\u00f3k, ennek megk\u00f6nny\u00edt\u00e9se \u00e9rdek\u00e9ben igyekezt\u00fcnk \u00f6sszegy\u0171jteni azokat [&hellip;]<\/p>","protected":false},"author":1,"featured_media":0,"parent":0,"menu_order":0,"comment_status":"closed","ping_status":"closed","template":"","meta":{"ub_ctt_via":"","ocean_post_layout":"","ocean_both_sidebars_style":"","ocean_both_sidebars_content_width":0,"ocean_both_sidebars_sidebars_width":0,"ocean_sidebar":"0","ocean_second_sidebar":"0","ocean_disable_margins":"enable","ocean_add_body_class":"","ocean_shortcode_before_top_bar":"","ocean_shortcode_after_top_bar":"","ocean_shortcode_before_header":"","ocean_shortcode_after_header":"","ocean_has_shortcode":"","ocean_shortcode_after_title":"","ocean_shortcode_before_footer_widgets":"","ocean_shortcode_after_footer_widgets":"","ocean_shortcode_before_footer_bottom":"","ocean_shortcode_after_footer_bottom":"","ocean_display_top_bar":"default","ocean_display_header":"default","ocean_header_style":"","ocean_center_header_left_menu":"0","ocean_custom_header_template":"0","ocean_custom_logo":0,"ocean_custom_retina_logo":0,"ocean_custom_logo_max_width":0,"ocean_custom_logo_tablet_max_width":0,"ocean_custom_logo_mobile_max_width":0,"ocean_custom_logo_max_height":0,"ocean_custom_logo_tablet_max_height":0,"ocean_custom_logo_mobile_max_height":0,"ocean_header_custom_menu":"0","ocean_menu_typo_font_family":"0","ocean_menu_typo_font_subset":"","ocean_menu_typo_font_size":0,"ocean_menu_typo_font_size_tablet":0,"ocean_menu_typo_font_size_mobile":0,"ocean_menu_typo_font_size_unit":"px","ocean_menu_typo_font_weight":"","ocean_menu_typo_font_weight_tablet":"","ocean_menu_typo_font_weight_mobile":"","ocean_menu_typo_transform":"","ocean_menu_typo_transform_tablet":"","ocean_menu_typo_transform_mobile":"","ocean_menu_typo_line_height":0,"ocean_menu_typo_line_height_tablet":0,"ocean_menu_typo_line_height_mobile":0,"ocean_menu_typo_line_height_unit":"","ocean_menu_typo_spacing":0,"ocean_menu_typo_spacing_tablet":0,"ocean_menu_typo_spacing_mobile":0,"ocean_menu_typo_spacing_unit":"","ocean_menu_link_color":"","ocean_menu_link_color_hover":"","ocean_menu_link_color_active":"","ocean_menu_link_background":"","ocean_menu_link_hover_background":"","ocean_menu_link_active_background":"","ocean_menu_social_links_bg":"","ocean_menu_social_hover_links_bg":"","ocean_menu_social_links_color":"","ocean_menu_social_hover_links_color":"","ocean_disable_title":"default","ocean_disable_heading":"default","ocean_post_title":"","ocean_post_subheading":"","ocean_post_title_style":"background-image","ocean_post_title_background_color":"","ocean_post_title_background":1389,"ocean_post_title_bg_image_position":"center center","ocean_post_title_bg_image_attachment":"","ocean_post_title_bg_image_repeat":"","ocean_post_title_bg_image_size":"","ocean_post_title_height":0,"ocean_post_title_bg_overlay":0.5,"ocean_post_title_bg_overlay_color":"","ocean_disable_breadcrumbs":"default","ocean_breadcrumbs_color":"","ocean_breadcrumbs_separator_color":"","ocean_breadcrumbs_links_color":"","ocean_breadcrumbs_links_hover_color":"","ocean_display_footer_widgets":"default","ocean_display_footer_bottom":"default","ocean_custom_footer_template":"0","footnotes":""},"class_list":["post-1094","page","type-page","status-publish","hentry","entry"],"featured_image_src":null,"rttpg_featured_image_url":null,"rttpg_author":{"display_name":"Miss N\u00e1ndor","author_link":"https:\/\/miklosimuzeum.hu\/en\/author\/admin\/"},"rttpg_comment":0,"rttpg_category":null,"rttpg_excerpt":"Az oldalunkon tal\u00e1lhat\u00f3 cikkek, \u00edr\u00e1sok, f\u00e9nyk\u00e9pek (egy\u00e9b forr\u00e1smegjel\u00f6l\u00e9s h\u00edj\u00e1n) mind a Helyt\u00f6rt\u00e9neti Gy\u0171jtem\u00e9ny 1964. \u00f3ta halmoz\u00f3d\u00f3 \u00edr\u00e1sos \u00e9s f\u00e9nyk\u00e9pes anyag\u00e1b\u00f3l sz\u00e1rmaznak. A Gy\u0171jtem\u00e9nyhez kapcsol\u00f3d\u00f3 szem\u00e9lyek az \u00e9lm\u00falt \u00e9vtizedekben a Szigetszentmikl\u00f3shoz k\u00f6thet\u0151 adatokat sz\u00e1mos form\u00e1ban megjelen\u00edtett\u00e9k, feldolgozt\u00e1k. A Helyt\u00f6rt\u00e9neti Gy\u0171jtem\u00e9nyben \u0151rz\u00f6tt kultur\u00e1lis javak a 47\/2001. (III. 27.) korm\u00e1nyrendelet \u00e9rtelm\u00e9ben kutathat\u00f3k, ennek megk\u00f6nny\u00edt\u00e9se \u00e9rdek\u00e9ben igyekezt\u00fcnk \u00f6sszegy\u0171jteni azokat&hellip;","_links":{"self":[{"href":"https:\/\/miklosimuzeum.hu\/en\/wp-json\/wp\/v2\/pages\/1094","targetHints":{"allow":["GET"]}}],"collection":[{"href":"https:\/\/miklosimuzeum.hu\/en\/wp-json\/wp\/v2\/pages"}],"about":[{"href":"https:\/\/miklosimuzeum.hu\/en\/wp-json\/wp\/v2\/types\/page"}],"author":[{"embeddable":true,"href":"https:\/\/miklosimuzeum.hu\/en\/wp-json\/wp\/v2\/users\/1"}],"replies":[{"embeddable":true,"href":"https:\/\/miklosimuzeum.hu\/en\/wp-json\/wp\/v2\/comments?post=1094"}],"version-history":[{"count":2,"href":"https:\/\/miklosimuzeum.hu\/en\/wp-json\/wp\/v2\/pages\/1094\/revisions"}],"predecessor-version":[{"id":1099,"href":"https:\/\/miklosimuzeum.hu\/en\/wp-json\/wp\/v2\/pages\/1094\/revisions\/1099"}],"wp:attachment":[{"href":"https:\/\/miklosimuzeum.hu\/en\/wp-json\/wp\/v2\/media?parent=1094"}],"curies":[{"name":"wp","href":"https:\/\/api.w.org\/{rel}","templated":true}]}}